{"id":21466,"date":"2026-04-13T14:37:50","date_gmt":"2026-04-13T12:37:50","guid":{"rendered":"https:\/\/www.zum-wildbach.de\/last-minute\/sidste-minut-kirchblick-ferielejlighed-i-schierke"},"modified":"2026-04-26T15:31:35","modified_gmt":"2026-04-26T13:31:35","slug":"sidste-minut-kirchblick-ferielejlighed-i-schierke","status":"publish","type":"last-minute","link":"https:\/\/www.zum-wildbach.de\/da\/last-minute\/sidste-minut-kirchblick-ferielejlighed-i-schierke","title":{"rendered":"Sidste minut: Kirchblick ferielejlighed i Schierke"},"content":{"rendered":"\n<div class=\"wp-block-stackable-heading stk-block-heading stk-block-heading--v2 stk-block stk-523a3cf\" id=\"fruhling-rund-um-den-brocken\" data-block-id=\"523a3cf\"><style>.stk-523a3cf {margin-top:-2% !important;margin-bottom:4% !important;}<\/style><h3 class=\"stk-block-heading__text\">For\u00e5r omkring Bloksbjerg.\u2026<\/h3><\/div>\n\n<div class=\"wp-block-stackable-columns alignfull stk-block-columns stk-block stk-1786325 holz\" data-block-id=\"1786325\"><style>.stk-1786325 {margin-bottom:0px !important;}.stk-1786325-column{--stk-column-gap:60px !important;row-gap:40px !important;}<\/style><div class=\"stk-row stk-inner-blocks stk-block-content stk-content-align stk-1786325-column\">\n<div class=\"wp-block-stackable-column stk-block-column stk-column stk-block stk-098d037\" data-v=\"4\" data-block-id=\"098d037\"><style>.stk-098d037-container{margin-top:0px !important;margin-right:0px !important;margin-bottom:0px !important;margin-left:0px !important;}@media screen and (min-width:690px){.stk-098d037 {flex:var(--stk-flex-grow, 1) 1 calc(70% - var(--stk-column-gap, 0px) * 1 \/ 2 ) !important;}}@media screen and (min-width:690px) and (max-width:998px){.stk-098d037 {flex:var(--stk-flex-grow, 1) 1 calc(100% - var(--stk-column-gap, 0px) * 0 \/ 1 ) !important;}}<\/style><div class=\"stk-column-wrapper stk-block-column__content stk-container stk-098d037-container stk--no-background stk--no-padding\"><div class=\"has-text-align-left stk-block-content stk-inner-blocks stk-098d037-inner-blocks\">\n<div class=\"wp-block-stackable-columns stk-block-columns stk-block stk-e01c912\" data-block-id=\"e01c912\"><style>.stk-e01c912-column{--stk-column-gap:24px !important;}<\/style><div class=\"stk-row stk-inner-blocks stk-block-content stk-content-align stk-e01c912-column\">\n<div class=\"wp-block-stackable-column stk-block-column stk-column stk-block stk-8910628 box klein\" data-v=\"4\" data-block-id=\"8910628\"><style>.stk-8910628 {align-self:stretch !important;}<\/style><div class=\"stk-column-wrapper stk-block-column__content stk-container stk-8910628-container stk--no-background stk--no-padding\"><div class=\"stk-block-content stk-inner-blocks stk-8910628-inner-blocks\">\n<div class=\"wp-block-stackable-text stk-block-text stk-block stk-2f500ca\" id=\"3-marz-2023\" data-block-id=\"2f500ca\"><style>.stk-2f500ca {margin-bottom:0px !important;}<\/style><p class=\"stk-block-text__text has-text-align-center\">fra<\/p><\/div>\n\n\n\n<div class=\"wp-block-stackable-heading stk-block-heading stk-block-heading--v2 stk-block stk-0617f06\" id=\"03-mai-2026\" data-block-id=\"0617f06\"><style>.stk-0617f06 .stk-block-heading__bottom-line{margin-left:auto !important;margin-right:auto !important;}<\/style><h3 class=\"stk-block-heading__text has-text-align-center\">03. maj&nbsp;2026<\/h3><div class=\"stk-block-heading__bottom-line\"><\/div><\/div>\n<\/div><\/div><\/div>\n\n\n\n<div class=\"wp-block-stackable-column stk-block-column stk-column stk-block stk-69cb47c box klein\" data-v=\"4\" data-block-id=\"69cb47c\"><div class=\"stk-column-wrapper stk-block-column__content stk-container stk-69cb47c-container stk--no-background stk--no-padding\"><div class=\"stk-block-content stk-inner-blocks stk-69cb47c-inner-blocks\">\n<div class=\"wp-block-stackable-text stk-block-text stk-block stk-2b21605\" id=\"3-marz-2023\" data-block-id=\"2b21605\"><style>.stk-2b21605 {margin-bottom:0px !important;}<\/style><p class=\"stk-block-text__text has-text-align-center\">til<\/p><\/div>\n\n\n\n<div class=\"wp-block-stackable-heading stk-block-heading stk-block-heading--v2 stk-block stk-5ab5b5b\" id=\"31-mai-2026\" data-block-id=\"5ab5b5b\"><style>.stk-5ab5b5b .stk-block-heading__bottom-line{margin-left:auto !important;margin-right:auto !important;}<\/style><h3 class=\"stk-block-heading__text has-text-align-center\">31. maj&nbsp;2026<\/h3><div class=\"stk-block-heading__bottom-line\"><\/div><\/div>\n<\/div><\/div><\/div>\n\n\n\n<div class=\"wp-block-stackable-column stk-block-column stk-column stk-block stk-6d757d4 stk-block-background box klein\" data-v=\"4\" data-block-id=\"6d757d4\"><style>.stk-6d757d4 {align-self:stretch !important;background-color:var(--theme-palette-color-1, #dfa516) !important;}.stk-6d757d4:before{background-color:var(--theme-palette-color-1, #dfa516) !important;}<\/style><div class=\"stk-column-wrapper stk-block-column__content stk-container stk-6d757d4-container stk--no-background stk--no-padding\"><div class=\"has-text-align-center stk-block-content stk-inner-blocks stk-6d757d4-inner-blocks\">\n<p>Pris pr. nat normal<\/p>\n\n\n\n<div class=\"wp-block-stackable-price stk-block-price stk-block stk-14d2e83\" data-block-id=\"14d2e83\"><style>.stk-14d2e83 {margin-bottom:8px !important;}<\/style>\n<span class=\"wp-block-stackable-text stk-block-text stk-block stk-f9cfeae\" data-block-id=\"f9cfeae\"><style>.stk-f9cfeae .stk-block-text__text{font-family:\"Merriweather\", Sans-serif !important;}<\/style><span class=\"stk-block-text__text\">\u20ac<\/span><\/span>\n\n\n\n<span class=\"wp-block-stackable-text stk-block-text stk-block stk-2959338 stk-block-price__price\" data-block-id=\"2959338\"><style>.stk-2959338 .stk-block-text__text{font-weight:800 !important;font-family:\"Merriweather\", Sans-serif !important;}<\/style><span class=\"stk-block-text__text\">95<\/span><\/span>\n\n\n\n<span class=\"wp-block-stackable-text stk-block-text stk-block stk-b8ed666\" data-block-id=\"b8ed666\"><style>.stk-b8ed666 .stk-block-text__text{font-family:\"Merriweather\", Sans-serif !important;}<\/style><span class=\"stk-block-text__text\">.00<\/span><\/span>\n<\/div>\n\n\n\n<div class=\"wp-block-stackable-heading stk-block-heading stk-block-heading--v2 stk-block stk-f1b9e06\" id=\"span-style-color-var-palette-color-1-dfa-516-background-color-var-palette-color-5-962-f-14-class-stk-highlight-statt-85-\u20ac-span\" data-block-id=\"f1b9e06\"><h4 class=\"stk-block-heading__text\"><span style=\"color: var(--theme-palette-color-1, #dfa516);background-color: var(--theme-palette-color-5, #962f14 )\" class=\"stk-highlight\">i stedet for&nbsp;112&nbsp;\u20ac<\/span><\/h4><\/div>\n<\/div><\/div><\/div>\n<\/div><\/div>\n\n\n\n<div class=\"wp-block-stackable-columns stk-block-columns stk-block stk-f6fa06b\" data-block-id=\"f6fa06b\"><div class=\"stk-row stk-inner-blocks stk-block-content stk-content-align stk-f6fa06b-column\">\n<div class=\"wp-block-stackable-column stk-block-column stk-column stk-block stk-8e36040 box\" data-v=\"4\" data-block-id=\"8e36040\"><div class=\"stk-column-wrapper stk-block-column__content stk-container stk-8e36040-container stk--no-background stk--no-padding\"><div class=\"stk-block-content stk-inner-blocks stk-8e36040-inner-blocks\">\n<p>Der er stadig last minute-tilbud til&nbsp;april.<\/p>\n\n\n\n<p>Vores elleve ferie\u00adlej\u00adlig\u00adhe\u00adder \u201eKirchblick\u201c har hver et boliga\u00adreal p\u00e5 <strong>64&nbsp;m\u00b2<\/strong> og plads til <strong>op til 6 perso\u00adner<\/strong>.<\/p>\n\n\n\n<p>Den komforta\u00adbelt indret\u00adtede stue med fladsk\u00e6rms-tv og m\u00f8bler af h\u00f8j kvali\u00adtet samt en sofa (der kan bruges som en seng i fuld st\u00f8rrelse) invite\u00adrer dig til at slappe af. To separate sovev\u00e6\u00adrel\u00adser, hver med en <strong>dobbelt\u00adseng <\/strong>og store kl\u00e6de\u00adskabe til din ferie\u00adba\u00adgage, er fuldt udsty\u00adrede. Vi stiller en barne\u00adseng og h\u00f8j stol til r\u00e5dig\u00adhed for vores mindste g\u00e6ster i din lejlig\u00adhed p\u00e5 anmodning.<\/p>\n\n\n\n<p>K\u00f8kke\u00adnet har induk\u00adtions\u00adko\u00adge\u00adplade, opvaske\u00adma\u00adskine, lille ovn, kedel, kaffe\u00adma\u00adskine, br\u00f8dri\u00adster, mikro\u00adovn m.m., og der er ogs\u00e5 et spisebord.<\/p>\n\n\n\n<p>I det lyse badev\u00e6\u00adrelse med vindue er der bruser og toilet samt h\u00e5rt\u00f8rrer.<\/p>\n\n\n\n<p>Du f\u00e5r gratis senge\u00adlin\u00adned, h\u00e5ndkl\u00e6\u00adder, slutren\u00adg\u00f8\u00adring, en parke\u00adrings\u00adplads samt WLAN hos os. Alle ekstra omkost\u00adnin\u00adger til varme, vand, elektri\u00adci\u00adtet og moms er allerede inklu\u00adde\u00adret i vores indkvarteringspriser.<\/p>\n\n\n\n<p>Du kan med gl\u00e6de tilk\u00f8be vores l\u00e6kre morgen\u00admads\u00adbuf\u00adfet.<br>Mod et gebyr kan du benytte vores vaske\u00adma\u00adskine, t\u00f8rre\u00adtum\u00adb\u00adler og sauna.<br>Du kan nyde luften i Harzen p\u00e5 din altan \/ terrasse, der prim\u00e6rt er sydvendt.<\/p>\n\n\n\n<p>Din <strong>hund<\/strong> er hjerte\u00adlig velkom\u00admen i ferie\u00adlej\u00adlig\u00adhe\u00adden efter aftale mod et gebyr p\u00e5 9,00&nbsp;\u20ac pr. overnat\u00adning pr. hund. <span class=\"small\">(Maks. 2 hunde pr. boligenhed.)<\/span><\/p>\n\n\n<div class=\"tpgb-empty-space tpgb-block-c636b6_4922 \"><\/div>\n\n<div data-block=\"hook:21398\" class=\"alignfull\"><article id=\"post-21398\" class=\"post-21398\"><div class=\"entry-content is-layout-constrained\">\n<p><strong>K\u00e6re g\u00e6ster,<\/strong><\/p>\n\n<div class=\"wp-block-stackable-columns stk-block-columns stk-block stk-8502811\" data-block-id=\"8502811\"><style>.stk-8502811 {margin-bottom:0px !important;}<\/style><div class=\"stk-row stk-inner-blocks stk-block-content stk-content-align stk-8502811-column\">\n<div class=\"wp-block-stackable-column stk-block-column stk-column stk-block stk-d997d0b kolumnen\" data-v=\"4\" data-block-id=\"d997d0b\"><div class=\"stk-column-wrapper stk-block-column__content stk-container stk-d997d0b-container stk--no-background stk--no-padding\"><div class=\"stk-block-content stk-inner-blocks stk-d997d0b-inner-blocks\">\n<p><\/p>\n\n\n\n<p>Dette tilbud er vores Last Minute Special, som kan bookes fra s\u00f8ndag til fredag for <strong>to n\u00e6tter eller mere,<\/strong> afh\u00e6n\u00adgigt af tilg\u00e6n\u00adge\u00adlig\u00adhed. Prisen refere\u00adrer til en bel\u00e6g\u00adning med to perso\u00adner. Hver ekstra person betaler kun 15,00&nbsp;\u20ac. Du kan ogs\u00e5 drage fordel af vores rabatskala for vores last minute-tilbud.<\/p>\n\n\n\n<p>Vi sammen\u00ads\u00e6t\u00adter gerne et tilbud til dig for den \u00f8nskede periode for <strong>blot en enkelt overnat\u00adning samt i weeken\u00adder og p\u00e5<\/strong> <strong>hellig\u00addage<\/strong>.<\/p>\n\n\n\n<p>Vores indkvar\u00adte\u00adrings\u00adpri\u00adser inklu\u00adde\u00adrer allerede alle ekstra\u00adom\u00adkost\u00adnin\u00adger til varme, vand, elektri\u00adci\u00adtet og&nbsp;moms.<\/p>\n\n\n\n<p>Vi tilby\u00adder senge\u00adlin\u00adned, h\u00e5ndkl\u00e6\u00adder og slutren\u00adg\u00f8\u00adring uden <strong>bereg\u00adning<\/strong>, samt en parke\u00adrings\u00adplads foran huset og&nbsp;WiFi.<\/p>\n\n\n\n<p>Den lokale <strong>turistskat<\/strong> p\u00e5 3,50&nbsp;\u20ac pr. voksen\/nat eller 1,75&nbsp;\u20ac pr. barn (6\u201317 \u00e5r)\/nat opkr\u00e6\u00adves separat. Bem\u00e6rk venligst vores <a href=\"https:\/\/www.zum-wildbach.de\/da\/agb-indkvartering\" data-type=\"page\" data-id=\"7456\">generelle vilk\u00e5r og betin\u00adgel\u00adser<\/a>.<\/p>\n<\/div><\/div><\/div>\n<\/div><\/div>\n\n<p class=\"has-text-align-right\"><strong>Vi ser frem til at byde dig velkom\u00admen i vores hus.<br>Lad os fork\u00e6le dig!<\/strong><\/p>\n<\/div><\/article><\/div>\n<\/div><\/div><\/div>\n<\/div><\/div>\n\n\n\n<div class=\"wp-block-stackable-columns stk-block-columns stk-block stk-e237431\" data-block-id=\"e237431\"><div class=\"stk-row stk-inner-blocks stk-block-content stk-content-align stk-e237431-column\">\n<div class=\"wp-block-stackable-column stk-block-column stk-column stk-block stk-5d0d69f\" data-v=\"4\" data-block-id=\"5d0d69f\"><div class=\"stk-column-wrapper stk-block-column__content stk-container stk-5d0d69f-container stk--no-background stk--no-padding\"><div class=\"stk-block-content stk-inner-blocks stk-5d0d69f-inner-blocks\"><div data-block=\"hook:21369\" class=\"alignfull\"><article id=\"post-21369\" class=\"post-21369\"><div class=\"entry-content is-layout-constrained\">\n<figure class=\"wp-block-gallery has-nested-images columns-3 is-cropped wp-block-gallery-1 is-layout-flex wp-block-gallery-is-layout-flex\">\n<figure class=\"wp-block-image size-large\"><a href=\"https:\/\/www.zum-wildbach.de\/wp-content\/uploads\/2023\/02\/Ferienwohnung-Kirchblick-2-42-Zum-Wildbach-Schierke_20220808-DSC03279_web.jpg\"><img decoding=\"async\" width=\"1024\" height=\"683\" data-id=\"7274\" src=\"https:\/\/www.zum-wildbach.de\/wp-content\/uploads\/2023\/02\/Ferienwohnung-Kirchblick-2-42-Zum-Wildbach-Schierke_20220808-DSC03279_web-1024x683.jpg\" alt class=\"wp-image-7274\" srcset=\"https:\/\/www.zum-wildbach.de\/wp-content\/uploads\/2023\/02\/Ferienwohnung-Kirchblick-2-42-Zum-Wildbach-Schierke_20220808-DSC03279_web-1024x683.jpg 1024w, https:\/\/www.zum-wildbach.de\/wp-content\/uploads\/2023\/02\/Ferienwohnung-Kirchblick-2-42-Zum-Wildbach-Schierke_20220808-DSC03279_web-300x200.jpg 300w, https:\/\/www.zum-wildbach.de\/wp-content\/uploads\/2023\/02\/Ferienwohnung-Kirchblick-2-42-Zum-Wildbach-Schierke_20220808-DSC03279_web-768x512.jpg 768w, https:\/\/www.zum-wildbach.de\/wp-content\/uploads\/2023\/02\/Ferienwohnung-Kirchblick-2-42-Zum-Wildbach-Schierke_20220808-DSC03279_web-1536x1024.jpg 1536w, https:\/\/www.zum-wildbach.de\/wp-content\/uploads\/2023\/02\/Ferienwohnung-Kirchblick-2-42-Zum-Wildbach-Schierke_20220808-DSC03279_web-2048x1366.jpg 2048w, https:\/\/www.zum-wildbach.de\/wp-content\/uploads\/2023\/02\/Ferienwohnung-Kirchblick-2-42-Zum-Wildbach-Schierke_20220808-DSC03279_web-1600x1067.jpg 1600w\" sizes=\"(max-width: 1024px) 100vw, 1024px\"><\/a><\/figure>\n\n\n\n<figure class=\"wp-block-image size-large\"><a href=\"https:\/\/www.zum-wildbach.de\/wp-content\/uploads\/2023\/03\/ferienwohnung-kirchblick-52-zum-wildbach-schierke_20220808-dsc03500-hdr_web-1024x683.jpg\"><img decoding=\"async\" width=\"1024\" height=\"683\" data-id=\"9477\" src=\"https:\/\/www.zum-wildbach.de\/wp-content\/uploads\/2023\/03\/ferienwohnung-kirchblick-52-zum-wildbach-schierke_20220808-dsc03500-hdr_web-1024x683.jpg\" alt=\"Kirchblick ferielejlighed - 52 | Zum Wildbach, Schierke\" class=\"wp-image-9477\" srcset=\"https:\/\/www.zum-wildbach.de\/wp-content\/uploads\/2023\/03\/ferienwohnung-kirchblick-52-zum-wildbach-schierke_20220808-dsc03500-hdr_web-1024x683.jpg 1024w, https:\/\/www.zum-wildbach.de\/wp-content\/uploads\/2023\/03\/ferienwohnung-kirchblick-52-zum-wildbach-schierke_20220808-dsc03500-hdr_web-300x200.jpg 300w, https:\/\/www.zum-wildbach.de\/wp-content\/uploads\/2023\/03\/ferienwohnung-kirchblick-52-zum-wildbach-schierke_20220808-dsc03500-hdr_web-768x512.jpg 768w, https:\/\/www.zum-wildbach.de\/wp-content\/uploads\/2023\/03\/ferienwohnung-kirchblick-52-zum-wildbach-schierke_20220808-dsc03500-hdr_web-1536x1024.jpg 1536w, https:\/\/www.zum-wildbach.de\/wp-content\/uploads\/2023\/03\/ferienwohnung-kirchblick-52-zum-wildbach-schierke_20220808-dsc03500-hdr_web-2048x1366.jpg 2048w\" sizes=\"(max-width: 1024px) 100vw, 1024px\"><\/a><\/figure>\n\n\n\n<figure class=\"wp-block-image size-large\"><a href=\"https:\/\/www.zum-wildbach.de\/wp-content\/uploads\/2023\/02\/Ferienwohnung-Kirchblick-2-43-Zum-Wildbach-Schierke_20220808-DSC03390_web.jpg\"><img decoding=\"async\" width=\"1024\" height=\"683\" data-id=\"7320\" src=\"https:\/\/www.zum-wildbach.de\/wp-content\/uploads\/2023\/02\/Ferienwohnung-Kirchblick-2-43-Zum-Wildbach-Schierke_20220808-DSC03390_web-1024x683.jpg\" alt class=\"wp-image-7320\" srcset=\"https:\/\/www.zum-wildbach.de\/wp-content\/uploads\/2023\/02\/Ferienwohnung-Kirchblick-2-43-Zum-Wildbach-Schierke_20220808-DSC03390_web-1024x683.jpg 1024w, https:\/\/www.zum-wildbach.de\/wp-content\/uploads\/2023\/02\/Ferienwohnung-Kirchblick-2-43-Zum-Wildbach-Schierke_20220808-DSC03390_web-300x200.jpg 300w, https:\/\/www.zum-wildbach.de\/wp-content\/uploads\/2023\/02\/Ferienwohnung-Kirchblick-2-43-Zum-Wildbach-Schierke_20220808-DSC03390_web-768x512.jpg 768w, https:\/\/www.zum-wildbach.de\/wp-content\/uploads\/2023\/02\/Ferienwohnung-Kirchblick-2-43-Zum-Wildbach-Schierke_20220808-DSC03390_web-1536x1024.jpg 1536w, https:\/\/www.zum-wildbach.de\/wp-content\/uploads\/2023\/02\/Ferienwohnung-Kirchblick-2-43-Zum-Wildbach-Schierke_20220808-DSC03390_web-2048x1366.jpg 2048w, https:\/\/www.zum-wildbach.de\/wp-content\/uploads\/2023\/02\/Ferienwohnung-Kirchblick-2-43-Zum-Wildbach-Schierke_20220808-DSC03390_web-1600x1067.jpg 1600w\" sizes=\"(max-width: 1024px) 100vw, 1024px\"><\/a><\/figure>\n\n\n\n<figure class=\"wp-block-image size-large\"><a href=\"https:\/\/www.zum-wildbach.de\/wp-content\/uploads\/2023\/03\/ferienwohnung-kirchblick-52-zum-wildbach-schierke_20220808-dsc03489_web-1024x606.jpg\"><img decoding=\"async\" width=\"1024\" height=\"606\" data-id=\"9476\" src=\"https:\/\/www.zum-wildbach.de\/wp-content\/uploads\/2023\/03\/ferienwohnung-kirchblick-52-zum-wildbach-schierke_20220808-dsc03489_web-1024x606.jpg\" alt=\"Kirchblick ferielejlighed - 52 | Zum Wildbach, Schierke\" class=\"wp-image-9476\" srcset=\"https:\/\/www.zum-wildbach.de\/wp-content\/uploads\/2023\/03\/ferienwohnung-kirchblick-52-zum-wildbach-schierke_20220808-dsc03489_web-1024x606.jpg 1024w, https:\/\/www.zum-wildbach.de\/wp-content\/uploads\/2023\/03\/ferienwohnung-kirchblick-52-zum-wildbach-schierke_20220808-dsc03489_web-300x178.jpg 300w, https:\/\/www.zum-wildbach.de\/wp-content\/uploads\/2023\/03\/ferienwohnung-kirchblick-52-zum-wildbach-schierke_20220808-dsc03489_web-768x455.jpg 768w, https:\/\/www.zum-wildbach.de\/wp-content\/uploads\/2023\/03\/ferienwohnung-kirchblick-52-zum-wildbach-schierke_20220808-dsc03489_web-1536x910.jpg 1536w, https:\/\/www.zum-wildbach.de\/wp-content\/uploads\/2023\/03\/ferienwohnung-kirchblick-52-zum-wildbach-schierke_20220808-dsc03489_web-2048x1213.jpg 2048w\" sizes=\"(max-width: 1024px) 100vw, 1024px\"><\/a><\/figure>\n\n\n\n<figure class=\"wp-block-image size-large\"><a href=\"https:\/\/www.zum-wildbach.de\/wp-content\/uploads\/2023\/03\/zum-wildbach_schierke_kirchblick2_2023_00032-1024x768.jpg\"><img decoding=\"async\" width=\"1024\" height=\"768\" data-id=\"11962\" src=\"https:\/\/www.zum-wildbach.de\/wp-content\/uploads\/2023\/03\/zum-wildbach_schierke_kirchblick2_2023_00032-1024x768.jpg\" alt=\"Tek\u00f8kken\" class=\"wp-image-11962\" srcset=\"https:\/\/www.zum-wildbach.de\/wp-content\/uploads\/2023\/03\/zum-wildbach_schierke_kirchblick2_2023_00032-1024x768.jpg 1024w, https:\/\/www.zum-wildbach.de\/wp-content\/uploads\/2023\/03\/zum-wildbach_schierke_kirchblick2_2023_00032-300x225.jpg 300w, https:\/\/www.zum-wildbach.de\/wp-content\/uploads\/2023\/03\/zum-wildbach_schierke_kirchblick2_2023_00032-768x576.jpg 768w, https:\/\/www.zum-wildbach.de\/wp-content\/uploads\/2023\/03\/zum-wildbach_schierke_kirchblick2_2023_00032-1536x1152.jpg 1536w, https:\/\/www.zum-wildbach.de\/wp-content\/uploads\/2023\/03\/zum-wildbach_schierke_kirchblick2_2023_00032-155x116.jpg 155w, https:\/\/www.zum-wildbach.de\/wp-content\/uploads\/2023\/03\/zum-wildbach_schierke_kirchblick2_2023_00032.jpg 2048w\" sizes=\"(max-width: 1024px) 100vw, 1024px\"><\/a><\/figure>\n\n\n\n<figure class=\"wp-block-image size-large\"><a href=\"https:\/\/www.zum-wildbach.de\/wp-content\/uploads\/2023\/02\/Ferienwohnung-Kirchblick-2-42-Zum-Wildbach-Schierke_20220808-DSC03277_web.jpg\"><img decoding=\"async\" width=\"1024\" height=\"683\" data-id=\"7273\" src=\"https:\/\/www.zum-wildbach.de\/wp-content\/uploads\/2023\/02\/Ferienwohnung-Kirchblick-2-42-Zum-Wildbach-Schierke_20220808-DSC03277_web-1024x683.jpg\" alt class=\"wp-image-7273\" srcset=\"https:\/\/www.zum-wildbach.de\/wp-content\/uploads\/2023\/02\/Ferienwohnung-Kirchblick-2-42-Zum-Wildbach-Schierke_20220808-DSC03277_web-1024x683.jpg 1024w, https:\/\/www.zum-wildbach.de\/wp-content\/uploads\/2023\/02\/Ferienwohnung-Kirchblick-2-42-Zum-Wildbach-Schierke_20220808-DSC03277_web-300x200.jpg 300w, https:\/\/www.zum-wildbach.de\/wp-content\/uploads\/2023\/02\/Ferienwohnung-Kirchblick-2-42-Zum-Wildbach-Schierke_20220808-DSC03277_web-768x512.jpg 768w, https:\/\/www.zum-wildbach.de\/wp-content\/uploads\/2023\/02\/Ferienwohnung-Kirchblick-2-42-Zum-Wildbach-Schierke_20220808-DSC03277_web-1536x1024.jpg 1536w, https:\/\/www.zum-wildbach.de\/wp-content\/uploads\/2023\/02\/Ferienwohnung-Kirchblick-2-42-Zum-Wildbach-Schierke_20220808-DSC03277_web-2048x1366.jpg 2048w, https:\/\/www.zum-wildbach.de\/wp-content\/uploads\/2023\/02\/Ferienwohnung-Kirchblick-2-42-Zum-Wildbach-Schierke_20220808-DSC03277_web-1600x1067.jpg 1600w\" sizes=\"(max-width: 1024px) 100vw, 1024px\"><\/a><\/figure>\n\n\n\n<figure class=\"wp-block-image size-large\"><a href=\"https:\/\/www.zum-wildbach.de\/wp-content\/uploads\/2023\/02\/Ferienwohnung-Kirchblick-2-42-Zum-Wildbach-Schierke_20220808-DSC03348_web.jpg\"><img decoding=\"async\" width=\"1024\" height=\"683\" data-id=\"7303\" src=\"https:\/\/www.zum-wildbach.de\/wp-content\/uploads\/2023\/02\/Ferienwohnung-Kirchblick-2-42-Zum-Wildbach-Schierke_20220808-DSC03348_web-1024x683.jpg\" alt class=\"wp-image-7303\" srcset=\"https:\/\/www.zum-wildbach.de\/wp-content\/uploads\/2023\/02\/Ferienwohnung-Kirchblick-2-42-Zum-Wildbach-Schierke_20220808-DSC03348_web-1024x683.jpg 1024w, https:\/\/www.zum-wildbach.de\/wp-content\/uploads\/2023\/02\/Ferienwohnung-Kirchblick-2-42-Zum-Wildbach-Schierke_20220808-DSC03348_web-300x200.jpg 300w, https:\/\/www.zum-wildbach.de\/wp-content\/uploads\/2023\/02\/Ferienwohnung-Kirchblick-2-42-Zum-Wildbach-Schierke_20220808-DSC03348_web-768x512.jpg 768w, https:\/\/www.zum-wildbach.de\/wp-content\/uploads\/2023\/02\/Ferienwohnung-Kirchblick-2-42-Zum-Wildbach-Schierke_20220808-DSC03348_web-1536x1024.jpg 1536w, https:\/\/www.zum-wildbach.de\/wp-content\/uploads\/2023\/02\/Ferienwohnung-Kirchblick-2-42-Zum-Wildbach-Schierke_20220808-DSC03348_web-2048x1366.jpg 2048w, https:\/\/www.zum-wildbach.de\/wp-content\/uploads\/2023\/02\/Ferienwohnung-Kirchblick-2-42-Zum-Wildbach-Schierke_20220808-DSC03348_web-1600x1067.jpg 1600w\" sizes=\"(max-width: 1024px) 100vw, 1024px\"><\/a><\/figure>\n\n\n\n<figure class=\"wp-block-image size-large\"><a href=\"https:\/\/www.zum-wildbach.de\/wp-content\/uploads\/2023\/02\/Ferienwohnung-Kirchblick-2-42-Zum-Wildbach-Schierke_20220808-DSC03329_web.jpg\"><img decoding=\"async\" width=\"1024\" height=\"683\" data-id=\"7293\" src=\"https:\/\/www.zum-wildbach.de\/wp-content\/uploads\/2023\/02\/Ferienwohnung-Kirchblick-2-42-Zum-Wildbach-Schierke_20220808-DSC03329_web-1024x683.jpg\" alt class=\"wp-image-7293\" srcset=\"https:\/\/www.zum-wildbach.de\/wp-content\/uploads\/2023\/02\/Ferienwohnung-Kirchblick-2-42-Zum-Wildbach-Schierke_20220808-DSC03329_web-1024x683.jpg 1024w, https:\/\/www.zum-wildbach.de\/wp-content\/uploads\/2023\/02\/Ferienwohnung-Kirchblick-2-42-Zum-Wildbach-Schierke_20220808-DSC03329_web-300x200.jpg 300w, https:\/\/www.zum-wildbach.de\/wp-content\/uploads\/2023\/02\/Ferienwohnung-Kirchblick-2-42-Zum-Wildbach-Schierke_20220808-DSC03329_web-768x512.jpg 768w, https:\/\/www.zum-wildbach.de\/wp-content\/uploads\/2023\/02\/Ferienwohnung-Kirchblick-2-42-Zum-Wildbach-Schierke_20220808-DSC03329_web-1536x1024.jpg 1536w, https:\/\/www.zum-wildbach.de\/wp-content\/uploads\/2023\/02\/Ferienwohnung-Kirchblick-2-42-Zum-Wildbach-Schierke_20220808-DSC03329_web-2048x1366.jpg 2048w, https:\/\/www.zum-wildbach.de\/wp-content\/uploads\/2023\/02\/Ferienwohnung-Kirchblick-2-42-Zum-Wildbach-Schierke_20220808-DSC03329_web-1600x1067.jpg 1600w\" sizes=\"(max-width: 1024px) 100vw, 1024px\"><\/a><\/figure>\n\n\n\n<figure class=\"wp-block-image size-large\"><a href=\"https:\/\/www.zum-wildbach.de\/wp-content\/uploads\/2023\/03\/zum-wildbach_schierke_kirchblick2_2023_0002-1024x768.jpeg\"><img decoding=\"async\" width=\"1024\" height=\"768\" data-id=\"11960\" src=\"https:\/\/www.zum-wildbach.de\/wp-content\/uploads\/2023\/03\/zum-wildbach_schierke_kirchblick2_2023_0002-1024x768.jpeg\" alt=\"Tek\u00f8kken\" class=\"wp-image-11960\" srcset=\"https:\/\/www.zum-wildbach.de\/wp-content\/uploads\/2023\/03\/zum-wildbach_schierke_kirchblick2_2023_0002-1024x768.jpeg 1024w, https:\/\/www.zum-wildbach.de\/wp-content\/uploads\/2023\/03\/zum-wildbach_schierke_kirchblick2_2023_0002-300x225.jpeg 300w, https:\/\/www.zum-wildbach.de\/wp-content\/uploads\/2023\/03\/zum-wildbach_schierke_kirchblick2_2023_0002-768x576.jpeg 768w, https:\/\/www.zum-wildbach.de\/wp-content\/uploads\/2023\/03\/zum-wildbach_schierke_kirchblick2_2023_0002-1536x1152.jpeg 1536w, https:\/\/www.zum-wildbach.de\/wp-content\/uploads\/2023\/03\/zum-wildbach_schierke_kirchblick2_2023_0002-155x116.jpeg 155w, https:\/\/www.zum-wildbach.de\/wp-content\/uploads\/2023\/03\/zum-wildbach_schierke_kirchblick2_2023_0002.jpeg 2048w\" sizes=\"(max-width: 1024px) 100vw, 1024px\"><\/a><\/figure>\n\n\n\n<figure class=\"wp-block-image size-large\"><a href=\"https:\/\/www.zum-wildbach.de\/wp-content\/uploads\/2023\/02\/Ferienwohnung-Kirchblick-52-Zum-Wildbach-Schierke_20220808-DSC03495_web.jpg\"><img decoding=\"async\" width=\"1024\" height=\"683\" data-id=\"7255\" src=\"https:\/\/www.zum-wildbach.de\/wp-content\/uploads\/2023\/02\/Ferienwohnung-Kirchblick-52-Zum-Wildbach-Schierke_20220808-DSC03495_web-1024x683.jpg\" alt class=\"wp-image-7255\" srcset=\"https:\/\/www.zum-wildbach.de\/wp-content\/uploads\/2023\/02\/Ferienwohnung-Kirchblick-52-Zum-Wildbach-Schierke_20220808-DSC03495_web-1024x683.jpg 1024w, https:\/\/www.zum-wildbach.de\/wp-content\/uploads\/2023\/02\/Ferienwohnung-Kirchblick-52-Zum-Wildbach-Schierke_20220808-DSC03495_web-300x200.jpg 300w, https:\/\/www.zum-wildbach.de\/wp-content\/uploads\/2023\/02\/Ferienwohnung-Kirchblick-52-Zum-Wildbach-Schierke_20220808-DSC03495_web-768x512.jpg 768w, https:\/\/www.zum-wildbach.de\/wp-content\/uploads\/2023\/02\/Ferienwohnung-Kirchblick-52-Zum-Wildbach-Schierke_20220808-DSC03495_web-1536x1024.jpg 1536w, https:\/\/www.zum-wildbach.de\/wp-content\/uploads\/2023\/02\/Ferienwohnung-Kirchblick-52-Zum-Wildbach-Schierke_20220808-DSC03495_web-2048x1366.jpg 2048w, https:\/\/www.zum-wildbach.de\/wp-content\/uploads\/2023\/02\/Ferienwohnung-Kirchblick-52-Zum-Wildbach-Schierke_20220808-DSC03495_web-1600x1067.jpg 1600w\" sizes=\"(max-width: 1024px) 100vw, 1024px\"><\/a><\/figure>\n\n\n\n<figure class=\"wp-block-image size-large\"><a href=\"https:\/\/www.zum-wildbach.de\/wp-content\/uploads\/2023\/02\/Ferienwohnung-Kirchblick-2-42-Zum-Wildbach-Schierke_20220808-DSC03323_web.jpg\"><img decoding=\"async\" width=\"1024\" height=\"683\" data-id=\"7291\" src=\"https:\/\/www.zum-wildbach.de\/wp-content\/uploads\/2023\/02\/Ferienwohnung-Kirchblick-2-42-Zum-Wildbach-Schierke_20220808-DSC03323_web-1024x683.jpg\" alt class=\"wp-image-7291\" srcset=\"https:\/\/www.zum-wildbach.de\/wp-content\/uploads\/2023\/02\/Ferienwohnung-Kirchblick-2-42-Zum-Wildbach-Schierke_20220808-DSC03323_web-1024x683.jpg 1024w, https:\/\/www.zum-wildbach.de\/wp-content\/uploads\/2023\/02\/Ferienwohnung-Kirchblick-2-42-Zum-Wildbach-Schierke_20220808-DSC03323_web-300x200.jpg 300w, https:\/\/www.zum-wildbach.de\/wp-content\/uploads\/2023\/02\/Ferienwohnung-Kirchblick-2-42-Zum-Wildbach-Schierke_20220808-DSC03323_web-768x512.jpg 768w, https:\/\/www.zum-wildbach.de\/wp-content\/uploads\/2023\/02\/Ferienwohnung-Kirchblick-2-42-Zum-Wildbach-Schierke_20220808-DSC03323_web-1536x1024.jpg 1536w, https:\/\/www.zum-wildbach.de\/wp-content\/uploads\/2023\/02\/Ferienwohnung-Kirchblick-2-42-Zum-Wildbach-Schierke_20220808-DSC03323_web-2048x1366.jpg 2048w, https:\/\/www.zum-wildbach.de\/wp-content\/uploads\/2023\/02\/Ferienwohnung-Kirchblick-2-42-Zum-Wildbach-Schierke_20220808-DSC03323_web-1600x1067.jpg 1600w\" sizes=\"(max-width: 1024px) 100vw, 1024px\"><\/a><\/figure>\n\n\n\n<figure class=\"wp-block-image size-large\"><a href=\"https:\/\/www.zum-wildbach.de\/wp-content\/uploads\/2023\/03\/ferienwohnung-kirchblick-52-zum-wildbach-schierke_20220808-dsc03513_web-1024x683.jpg\"><img decoding=\"async\" width=\"1024\" height=\"683\" data-id=\"9480\" src=\"https:\/\/www.zum-wildbach.de\/wp-content\/uploads\/2023\/03\/ferienwohnung-kirchblick-52-zum-wildbach-schierke_20220808-dsc03513_web-1024x683.jpg\" alt=\"Ferielejlighed Kirchblick 2 - 42 | Zum Wildbach, Schierke\" class=\"wp-image-9480\" srcset=\"https:\/\/www.zum-wildbach.de\/wp-content\/uploads\/2023\/03\/ferienwohnung-kirchblick-52-zum-wildbach-schierke_20220808-dsc03513_web-1024x683.jpg 1024w, https:\/\/www.zum-wildbach.de\/wp-content\/uploads\/2023\/03\/ferienwohnung-kirchblick-52-zum-wildbach-schierke_20220808-dsc03513_web-300x200.jpg 300w, https:\/\/www.zum-wildbach.de\/wp-content\/uploads\/2023\/03\/ferienwohnung-kirchblick-52-zum-wildbach-schierke_20220808-dsc03513_web-768x512.jpg 768w, https:\/\/www.zum-wildbach.de\/wp-content\/uploads\/2023\/03\/ferienwohnung-kirchblick-52-zum-wildbach-schierke_20220808-dsc03513_web-1536x1024.jpg 1536w, https:\/\/www.zum-wildbach.de\/wp-content\/uploads\/2023\/03\/ferienwohnung-kirchblick-52-zum-wildbach-schierke_20220808-dsc03513_web-2048x1366.jpg 2048w\" sizes=\"(max-width: 1024px) 100vw, 1024px\"><\/a><\/figure>\n\n\n\n<figure class=\"wp-block-image size-large\"><a href=\"https:\/\/www.zum-wildbach.de\/wp-content\/uploads\/2023\/03\/ferienwohnung-kirchblick-2-42-zum-wildbach-schierke_20220808-dsc03307_web-1024x683.jpg\"><img decoding=\"async\" width=\"1024\" height=\"683\" data-id=\"9479\" src=\"https:\/\/www.zum-wildbach.de\/wp-content\/uploads\/2023\/03\/ferienwohnung-kirchblick-2-42-zum-wildbach-schierke_20220808-dsc03307_web-1024x683.jpg\" alt=\"Ferielejlighed Kirchblick 2 - 42 | Zum Wildbach, Schierke\" class=\"wp-image-9479\" srcset=\"https:\/\/www.zum-wildbach.de\/wp-content\/uploads\/2023\/03\/ferienwohnung-kirchblick-2-42-zum-wildbach-schierke_20220808-dsc03307_web-1024x683.jpg 1024w, https:\/\/www.zum-wildbach.de\/wp-content\/uploads\/2023\/03\/ferienwohnung-kirchblick-2-42-zum-wildbach-schierke_20220808-dsc03307_web-300x200.jpg 300w, https:\/\/www.zum-wildbach.de\/wp-content\/uploads\/2023\/03\/ferienwohnung-kirchblick-2-42-zum-wildbach-schierke_20220808-dsc03307_web-768x512.jpg 768w, https:\/\/www.zum-wildbach.de\/wp-content\/uploads\/2023\/03\/ferienwohnung-kirchblick-2-42-zum-wildbach-schierke_20220808-dsc03307_web-1536x1024.jpg 1536w, https:\/\/www.zum-wildbach.de\/wp-content\/uploads\/2023\/03\/ferienwohnung-kirchblick-2-42-zum-wildbach-schierke_20220808-dsc03307_web-2048x1366.jpg 2048w\" sizes=\"(max-width: 1024px) 100vw, 1024px\"><\/a><\/figure>\n\n\n\n<figure class=\"wp-block-image size-large\"><a href=\"https:\/\/www.zum-wildbach.de\/wp-content\/uploads\/2023\/02\/Ferienwohnung-Kirchblick-2-42-Zum-Wildbach-Schierke_20220808-DSC03283_web.jpg\"><img decoding=\"async\" width=\"1024\" height=\"683\" data-id=\"7275\" src=\"https:\/\/www.zum-wildbach.de\/wp-content\/uploads\/2023\/02\/Ferienwohnung-Kirchblick-2-42-Zum-Wildbach-Schierke_20220808-DSC03283_web-1024x683.jpg\" alt class=\"wp-image-7275\" srcset=\"https:\/\/www.zum-wildbach.de\/wp-content\/uploads\/2023\/02\/Ferienwohnung-Kirchblick-2-42-Zum-Wildbach-Schierke_20220808-DSC03283_web-1024x683.jpg 1024w, https:\/\/www.zum-wildbach.de\/wp-content\/uploads\/2023\/02\/Ferienwohnung-Kirchblick-2-42-Zum-Wildbach-Schierke_20220808-DSC03283_web-300x200.jpg 300w, https:\/\/www.zum-wildbach.de\/wp-content\/uploads\/2023\/02\/Ferienwohnung-Kirchblick-2-42-Zum-Wildbach-Schierke_20220808-DSC03283_web-768x512.jpg 768w, https:\/\/www.zum-wildbach.de\/wp-content\/uploads\/2023\/02\/Ferienwohnung-Kirchblick-2-42-Zum-Wildbach-Schierke_20220808-DSC03283_web-1536x1024.jpg 1536w, https:\/\/www.zum-wildbach.de\/wp-content\/uploads\/2023\/02\/Ferienwohnung-Kirchblick-2-42-Zum-Wildbach-Schierke_20220808-DSC03283_web-2048x1366.jpg 2048w, https:\/\/www.zum-wildbach.de\/wp-content\/uploads\/2023\/02\/Ferienwohnung-Kirchblick-2-42-Zum-Wildbach-Schierke_20220808-DSC03283_web-1600x1067.jpg 1600w\" sizes=\"(max-width: 1024px) 100vw, 1024px\"><\/a><\/figure>\n\n\n\n<figure class=\"wp-block-image size-large\"><a href=\"https:\/\/www.zum-wildbach.de\/wp-content\/uploads\/2023\/02\/Ferienwohnung-Kirchblick-2-42-Zum-Wildbach-Schierke_20220808-DSC03334_web.jpg\"><img decoding=\"async\" width=\"1024\" height=\"683\" data-id=\"7296\" src=\"https:\/\/www.zum-wildbach.de\/wp-content\/uploads\/2023\/02\/Ferienwohnung-Kirchblick-2-42-Zum-Wildbach-Schierke_20220808-DSC03334_web-1024x683.jpg\" alt class=\"wp-image-7296\" srcset=\"https:\/\/www.zum-wildbach.de\/wp-content\/uploads\/2023\/02\/Ferienwohnung-Kirchblick-2-42-Zum-Wildbach-Schierke_20220808-DSC03334_web-1024x683.jpg 1024w, https:\/\/www.zum-wildbach.de\/wp-content\/uploads\/2023\/02\/Ferienwohnung-Kirchblick-2-42-Zum-Wildbach-Schierke_20220808-DSC03334_web-300x200.jpg 300w, https:\/\/www.zum-wildbach.de\/wp-content\/uploads\/2023\/02\/Ferienwohnung-Kirchblick-2-42-Zum-Wildbach-Schierke_20220808-DSC03334_web-768x512.jpg 768w, https:\/\/www.zum-wildbach.de\/wp-content\/uploads\/2023\/02\/Ferienwohnung-Kirchblick-2-42-Zum-Wildbach-Schierke_20220808-DSC03334_web-1536x1024.jpg 1536w, https:\/\/www.zum-wildbach.de\/wp-content\/uploads\/2023\/02\/Ferienwohnung-Kirchblick-2-42-Zum-Wildbach-Schierke_20220808-DSC03334_web-2048x1366.jpg 2048w, https:\/\/www.zum-wildbach.de\/wp-content\/uploads\/2023\/02\/Ferienwohnung-Kirchblick-2-42-Zum-Wildbach-Schierke_20220808-DSC03334_web-1600x1067.jpg 1600w\" sizes=\"(max-width: 1024px) 100vw, 1024px\"><\/a><\/figure>\n\n\n\n<figure class=\"wp-block-image size-large\"><a href=\"https:\/\/www.zum-wildbach.de\/wp-content\/uploads\/2023\/02\/Ferienwohnung-Kirchblick-2-43-Zum-Wildbach-Schierke_20220808-DSC03359-HDR_web.jpg\"><img decoding=\"async\" width=\"1024\" height=\"683\" data-id=\"7308\" src=\"https:\/\/www.zum-wildbach.de\/wp-content\/uploads\/2023\/02\/Ferienwohnung-Kirchblick-2-43-Zum-Wildbach-Schierke_20220808-DSC03359-HDR_web-1024x683.jpg\" alt class=\"wp-image-7308\" srcset=\"https:\/\/www.zum-wildbach.de\/wp-content\/uploads\/2023\/02\/Ferienwohnung-Kirchblick-2-43-Zum-Wildbach-Schierke_20220808-DSC03359-HDR_web-1024x683.jpg 1024w, https:\/\/www.zum-wildbach.de\/wp-content\/uploads\/2023\/02\/Ferienwohnung-Kirchblick-2-43-Zum-Wildbach-Schierke_20220808-DSC03359-HDR_web-300x200.jpg 300w, https:\/\/www.zum-wildbach.de\/wp-content\/uploads\/2023\/02\/Ferienwohnung-Kirchblick-2-43-Zum-Wildbach-Schierke_20220808-DSC03359-HDR_web-768x512.jpg 768w, https:\/\/www.zum-wildbach.de\/wp-content\/uploads\/2023\/02\/Ferienwohnung-Kirchblick-2-43-Zum-Wildbach-Schierke_20220808-DSC03359-HDR_web-1536x1024.jpg 1536w, https:\/\/www.zum-wildbach.de\/wp-content\/uploads\/2023\/02\/Ferienwohnung-Kirchblick-2-43-Zum-Wildbach-Schierke_20220808-DSC03359-HDR_web-2048x1366.jpg 2048w, https:\/\/www.zum-wildbach.de\/wp-content\/uploads\/2023\/02\/Ferienwohnung-Kirchblick-2-43-Zum-Wildbach-Schierke_20220808-DSC03359-HDR_web-1600x1067.jpg 1600w\" sizes=\"(max-width: 1024px) 100vw, 1024px\"><\/a><\/figure>\n\n\n\n<figure class=\"wp-block-image size-large\"><a href=\"https:\/\/www.zum-wildbach.de\/wp-content\/uploads\/2023\/03\/zum-wildbach_schierke_kirchblick2_2023_0002-1024x768.jpeg\"><img decoding=\"async\" width=\"1024\" height=\"768\" data-id=\"11960\" src=\"https:\/\/www.zum-wildbach.de\/wp-content\/uploads\/2023\/03\/zum-wildbach_schierke_kirchblick2_2023_0002-1024x768.jpeg\" alt=\"Tek\u00f8kken\" class=\"wp-image-11960\" srcset=\"https:\/\/www.zum-wildbach.de\/wp-content\/uploads\/2023\/03\/zum-wildbach_schierke_kirchblick2_2023_0002-1024x768.jpeg 1024w, https:\/\/www.zum-wildbach.de\/wp-content\/uploads\/2023\/03\/zum-wildbach_schierke_kirchblick2_2023_0002-300x225.jpeg 300w, https:\/\/www.zum-wildbach.de\/wp-content\/uploads\/2023\/03\/zum-wildbach_schierke_kirchblick2_2023_0002-768x576.jpeg 768w, https:\/\/www.zum-wildbach.de\/wp-content\/uploads\/2023\/03\/zum-wildbach_schierke_kirchblick2_2023_0002-1536x1152.jpeg 1536w, https:\/\/www.zum-wildbach.de\/wp-content\/uploads\/2023\/03\/zum-wildbach_schierke_kirchblick2_2023_0002-155x116.jpeg 155w, https:\/\/www.zum-wildbach.de\/wp-content\/uploads\/2023\/03\/zum-wildbach_schierke_kirchblick2_2023_0002.jpeg 2048w\" sizes=\"(max-width: 1024px) 100vw, 1024px\"><\/a><\/figure>\n\n\n\n<figure class=\"wp-block-image size-large\"><a href=\"https:\/\/www.zum-wildbach.de\/wp-content\/uploads\/2023\/02\/Ferienwohnung-Kirchblick-2-42-Zum-Wildbach-Schierke_20220808-DSC03347_web.jpg\"><img decoding=\"async\" width=\"1024\" height=\"683\" data-id=\"7302\" src=\"https:\/\/www.zum-wildbach.de\/wp-content\/uploads\/2023\/02\/Ferienwohnung-Kirchblick-2-42-Zum-Wildbach-Schierke_20220808-DSC03347_web-1024x683.jpg\" alt class=\"wp-image-7302\" srcset=\"https:\/\/www.zum-wildbach.de\/wp-content\/uploads\/2023\/02\/Ferienwohnung-Kirchblick-2-42-Zum-Wildbach-Schierke_20220808-DSC03347_web-1024x683.jpg 1024w, https:\/\/www.zum-wildbach.de\/wp-content\/uploads\/2023\/02\/Ferienwohnung-Kirchblick-2-42-Zum-Wildbach-Schierke_20220808-DSC03347_web-300x200.jpg 300w, https:\/\/www.zum-wildbach.de\/wp-content\/uploads\/2023\/02\/Ferienwohnung-Kirchblick-2-42-Zum-Wildbach-Schierke_20220808-DSC03347_web-768x512.jpg 768w, https:\/\/www.zum-wildbach.de\/wp-content\/uploads\/2023\/02\/Ferienwohnung-Kirchblick-2-42-Zum-Wildbach-Schierke_20220808-DSC03347_web-1536x1024.jpg 1536w, https:\/\/www.zum-wildbach.de\/wp-content\/uploads\/2023\/02\/Ferienwohnung-Kirchblick-2-42-Zum-Wildbach-Schierke_20220808-DSC03347_web-2048x1366.jpg 2048w, https:\/\/www.zum-wildbach.de\/wp-content\/uploads\/2023\/02\/Ferienwohnung-Kirchblick-2-42-Zum-Wildbach-Schierke_20220808-DSC03347_web-1600x1067.jpg 1600w\" sizes=\"(max-width: 1024px) 100vw, 1024px\"><\/a><\/figure>\n<\/figure>\n<\/div><\/article><\/div>\n<\/div><\/div><\/div>\n<\/div><\/div>\n<\/div><\/div><\/div>\n\n\n\n<div class=\"wp-block-stackable-column stk-block-column stk-column stk-block stk-8495508\" data-v=\"4\" data-block-id=\"8495508\"><style>.stk-8495508-container{margin-top:0px !important;margin-right:0px !important;margin-bottom:0px !important;margin-left:0px !important;padding-top:0px !important;padding-right:0px !important;padding-bottom:0px !important;padding-left:0px !important;}.stk-8495508 {align-self:flex-start !important;align-items:flex-start !important;display:flex !important;top:100px !important;position:sticky !important;}@media screen and (min-width:690px){.stk-8495508 {flex:var(--stk-flex-grow, 1) 1 calc(30% - var(--stk-column-gap, 0px) * 1 \/ 2 ) !important;}}@media screen and (min-width:690px) and (max-width:998px){.stk-8495508 {flex:var(--stk-flex-grow, 1) 1 calc(100% - var(--stk-column-gap, 0px) * 0 \/ 1 ) !important;}}<\/style><div class=\"stk-column-wrapper stk-block-column__content stk-container stk-8495508-container stk--no-background stk--no-padding\"><div class=\"stk-block-content stk-inner-blocks stk-8495508-inner-blocks\">\n<div class=\" jet-container jet-container--content-direction-vertical jet-container--content-justify-flex-start jet-container--content-align-flex-start wp-block-jet-engine-container infoteil\"><div class=\"jet-container__overlay   \" style=\"opacity:0.5\"><\/div><div class=\"jet-listing-dynamic-field-block cb-r3j6lct9\" data-is-block=\"jet-engine\/dynamic-field\"><div class=\"jet-listing jet-listing-dynamic-field display-inline\"><div class=\"jet-listing-dynamic-field__inline-wrap\"><h4 class=\"jet-listing-dynamic-field__content\">Ferielejlighed Kirchblick med 2 sovev\u00e6relser p\u00e5 et \u00f8jeblik<\/h4><\/div><\/div><\/div>\n\n\n<div class=\" jet-container jet-container--content-direction-vertical jet-container--content-justify-flex-start jet-container--content-align-flex-start wp-block-jet-engine-container objektangaben\"><div class=\"jet-container__overlay   \" style=\"opacity:0.5\"><\/div><div class=\"jet-listing-dynamic-field-block cb-giddm0yr\" data-is-block=\"jet-engine\/dynamic-field\"><div class=\"jet-listing jet-listing-dynamic-field display-inline\"><div class=\"jet-listing-dynamic-field__inline-wrap\"><div class=\"jet-listing-dynamic-field__icon is-svg-icon\"><svg viewBox=\"0 0 19.449 14.834\"><path d=\"M11.76 2.786a.368.368 0 0 0-.369.37v1.228h3.259V3.155a.368.368 0 0 0-.37-.369h-2.52ZM5.184 2.786a.368.368 0 0 0-.369.37v1.228h3.257V3.155a.368.368 0 0 0-.369-.369H5.184Z\" style=\"fill:#010101\" \/><path d=\"M3.77 3.155c0-.779.635-1.393 1.393-1.393h2.52c.78 0 1.394.635 1.394 1.393v1.23h1.27v-1.23c0-.779.636-1.393 1.393-1.393h2.52c.78 0 1.394.635 1.394 1.393v1.23h1.434V1.29C17.088.574 16.514 0 15.797 0H3.627C2.91 0 2.336.574 2.336 1.291v3.094H3.77v-1.23ZM19.322 9.364l-2.07-3.955H2.213L.143 9.364A1.211 1.211 0 0 0 0 9.957v4.529a.36.36 0 0 0 .348.348h1.086a.36.36 0 0 0 .348-.348v-1.434h15.88v1.434a.36.36 0 0 0 .348.348h1.086a.345.345 0 0 0 .348-.348V9.957c.02-.205-.02-.41-.122-.594Z\" style=\"fill:#010101\" \/><\/svg><\/div><span class=\"jet-listing-dynamic-field__content\">2 x dobbeltseng<\/span><\/div><\/div><\/div>\n\n<div class=\"jet-listing-dynamic-field-block cb-forydehu\" data-is-block=\"jet-engine\/dynamic-field\"><\/div>\n\n<div class=\"jet-listing-dynamic-field-block cb-ore4dcdw\" data-is-block=\"jet-engine\/dynamic-field\"><\/div>\n\n<div class=\"jet-listing-dynamic-field-block cb-iej50lrk\" data-is-block=\"jet-engine\/dynamic-field\"><div class=\"jet-listing jet-listing-dynamic-field display-inline\"><div class=\"jet-listing-dynamic-field__inline-wrap\"><div class=\"jet-listing-dynamic-field__icon is-svg-icon\"><svg viewBox=\"0 0 15.367 13.006\"><path d=\"M5.185 0c-1.36 0-2.468 1.107-2.468 2.468s1.107 2.468 2.468 2.468 2.467-1.107 2.467-2.468A2.47 2.47 0 0 0 5.185 0ZM8.278 6.525a5.135 5.135 0 0 0-3.094-1.03A5.191 5.191 0 0 0 0 10.68c0 .354.286.64.64.64h3.493a6.16 6.16 0 0 1 4.145-4.795Z\" style=\"fill:#010101\" \/><path d=\"M10.182 7.18a5.19 5.19 0 0 0-5.185 5.185c0 .354.287.64.64.64h9.09a.64.64 0 0 0 .64-.64 5.191 5.191 0 0 0-5.185-5.185ZM10.182 1.685a2.47 2.47 0 0 0 0 4.936c1.362 0 2.469-1.107 2.469-2.467s-1.108-2.469-2.469-2.469Z\" style=\"fill:#010101\" \/><\/svg><\/div><span class=\"jet-listing-dynamic-field__content\">max. 6 personer<\/span><\/div><\/div><\/div>\n\n<div class=\"jet-listing-dynamic-field-block cb-comdivpw\" data-is-block=\"jet-engine\/dynamic-field\"><div class=\"jet-listing jet-listing-dynamic-field display-inline\"><div class=\"jet-listing-dynamic-field__inline-wrap\"><span class=\"jet-listing-dynamic-field__content\">Altan og terrasse<\/span><\/div><\/div><\/div>\n\n<div class=\"jet-listing-dynamic-field-block cb-yv3nrl59\" data-is-block=\"jet-engine\/dynamic-field\"><div class=\"jet-listing jet-listing-dynamic-field display-inline\"><div class=\"jet-listing-dynamic-field__inline-wrap\"><div class=\"jet-listing-dynamic-field__icon is-svg-icon\"><svg viewBox=\"0 0 17.075 17.074\"><path d=\"M0 0v17.074h17.074V0H0Zm3.07 3.062h2.933l-.988.988L7.55 6.586l-.966.966L4.05 5.015l-.98.98V3.062ZM3.06 14.005v-2.933l.987.987 8.011-8.01-.987-.987 2.933.001v2.932l-.98-.98-8.01 8.01.98.98H3.061Zm10.95 0H11.08l.98-.98-2.54-2.539.967-.966 2.54 2.539.987-.987-.001 2.934Z\" style=\"fill:#010101\" \/><\/svg><\/div><span class=\"jet-listing-dynamic-field__content\">64&nbsp;m\u00b2<\/span><\/div><\/div><\/div>\n\n<div class=\"jet-listing-dynamic-field-block cb-yz1ohmmg\" data-is-block=\"jet-engine\/dynamic-field\"><div class=\"jet-listing jet-listing-dynamic-field display-inline\"><div class=\"jet-listing-dynamic-field__inline-wrap\"><div class=\"jet-listing-dynamic-field__icon is-svg-icon\"><svg viewBox=\"0 0 20.49 19.848\"><path d=\"M3.732 6.71c1.043.255 2.03.73 2.93 1.36.542.389 1.134.364 1.749-.128.614-.494.702-1.1.486-1.679-.386-1.027-.642-2.061-.627-3.135.013-.995.168-2.077.674-3.012C5.286.449 2.111 2.535.657 6.397l.022.005c-.024-.006-.083.136-.133.275 1.031-.257 2.22-.203 3.186.034Z\" style=\"fill:#010101\" \/><path d=\"M8.951 4.046c.12.711.316 1.39.555 2.053a7.481 7.481 0 0 1 3.167-.216c.63-1.66 1.603-3.217 3.066-3.966A9.892 9.892 0 0 0 9.676.002c-.803 1.1-.928 2.832-.725 4.045Z\" style=\"fill:#010101\" \/><path d=\"M13.162 5.967c1.026.233 1.96.602 2.44 1.131l.002-.004c.994.92 2.626.308 2.91-.997.103-.469.056-.922-.18-1.298l.001-.002a9.618 9.618 0 0 0-2.06-2.447c-1.44.615-2.5 2.038-3.113 3.617ZM.367 7.226c-.2.73-.331 1.487-.36 2.275a9.905 9.905 0 0 0 .703 4.076c1.087-1.232 2.84-1.785 4.606-1.981a7.485 7.485 0 0 1 .998-3.014 11.622 11.622 0 0 0-1.848-1.048c-1.125-.499-2.831-.81-4.1-.307Z\" style=\"fill:#010101\" \/><path d=\"M5.81 14.546c-.36-.735-.54-1.499-.51-2.552-1.683.198-3.35.887-4.306 2.128 1.568 3.165 2.208 3.165 3.488 3.165.64 0 1.921-1.28 1.327-2.741ZM19.21 10.884h-1.282v-.64H7.684v5.762c0 1.062.86 1.921 1.92 1.921h6.404a1.92 1.92 0 0 0 1.92-1.92h1.281c.707 0 1.28-.575 1.28-1.281v-2.561c0-.707-.573-1.281-1.28-1.281Zm0 3.842h-1.282v-2.561h1.281v2.56ZM7.684 19.848h10.245c.706 0 1.28-.574 1.28-1.28H6.403c0 .706.574 1.28 1.281 1.28Z\" style=\"fill:#010101\" \/><\/svg><\/div><span class=\"jet-listing-dynamic-field__content\">Morgen\u00admad er valgfri<\/span><\/div><\/div><\/div>\n\n<div class=\"jet-listing-dynamic-field-block cb-p8hoen2n\" data-is-block=\"jet-engine\/dynamic-field\"><\/div><\/div>\n<\/div>\n\n\n<div data-block=\"hook:21353\" class=\"alignfull\"><article id=\"post-21353\" class=\"post-21353\"><div class=\"entry-content is-layout-constrained\">\n<div class=\"wp-block-jet-engine-container jet-container jet-container--content-direction-vertical jet-container--content-justify-flex-start jet-container--content-align-flex-start wp-block-jet-engine-container\"><div class=\"jet-container__overlay   \" style=\"opacity:0.5\"><\/div>\n<h4 class=\"wp-block-heading\">Anmodning om booking<\/h4>\n\n\n\n<p>Du er velkom\u00admen til at sende os en uforplig\u00adtende <a href=\"https:\/\/www.zum-wildbach.de\/da\/anmodning-om-booking\">booking\u00adfo\u00adre\u00adsp\u00f8rgsel<\/a> og vil deref\u00adter modtage et indivi\u00addu\u00adelt tilbud.<\/p>\n\n\n\n<div class=\"wp-block-buttons is-layout-flex wp-block-buttons-is-layout-flex\">\n<div class=\"wp-block-button\"><a class=\"wp-block-button__link wp-element-button\" href=\"https:\/\/www.zum-wildbach.de\/da\/anmodning-om-booking\">til bookin\u00adgan\u00admod\u00adnin\u00adgen<\/a><\/div>\n<\/div>\n<\/div>\n<\/div><\/article><\/div>\n\n\n<div data-block=\"hook:21354\" class=\"alignfull\"><article id=\"post-21354\" class=\"post-21354\"><div class=\"entry-content is-layout-constrained\">\n<div class=\"wp-block-jet-engine-container jet-container jet-container--content-direction-vertical jet-container--content-justify-flex-start jet-container--content-align-flex-start wp-block-jet-engine-container\"><div class=\"jet-container__overlay   \" style=\"opacity:0.5\"><\/div>\n<h4 class=\"wp-block-heading\">Book den \u00f8nskede dato<\/h4>\n\n\n\n<p>Hvis din foretrukne dato ikke er tilg\u00e6n\u00adge\u00adlig, bedes du sp\u00f8rge via&nbsp;per&nbsp;<a href=\"tel:+4939455589970\">\n  <strong>telefon (03 94 55 58 99&nbsp;70)<\/strong>\n<\/a> an. Vi vil med gl\u00e6de tilbyde dig en alter\u00adna\u00adtiv&nbsp;dato.<\/p>\n\n\n\n<div class=\"wp-block-buttons is-layout-flex wp-block-buttons-is-layout-flex\">\n<div class=\"wp-block-button\"><a class=\"wp-block-button__link wp-element-button\" href=\"https:\/\/www.zum-wildbach.de\/da\/bog\">til online booking<\/a><\/div>\n<\/div>\n<\/div>\n<\/div><\/article><\/div>\n<\/div><\/div><\/div>\n<\/div><\/div>\n<div class=\"tpgb-empty-space tpgb-block-24313c_4922 \"><\/div>\n<div class=\"wp-block-stackable-columns stk-block-columns stk-block stk-50b51fb box\" data-block-id=\"50b51fb\"><style>.stk-50b51fb {margin-bottom:0px !important;}<\/style><div class=\"stk-row stk-inner-blocks stk-block-content stk-content-align stk-50b51fb-column\">\n<div class=\"wp-block-stackable-column stk-block-column stk-column stk-block stk-b15dd53\" data-v=\"4\" data-block-id=\"b15dd53\"><div class=\"stk-column-wrapper stk-block-column__content stk-container stk-b15dd53-container stk--no-background stk--no-padding\"><div class=\"stk-block-content stk-inner-blocks stk-b15dd53-inner-blocks\">\n<h3 class=\"wp-block-heading\">Priser<\/h3>\n\n\n\n<div id=\"pricesFrame\"><\/div>\n<script type=\"text\/javascript\" src=\"\/\/www.easy-booking.at\/ebPlugins\/prices\/jquery.easybooking.pricelist.v2.js\"><\/script>\n<script type=\"text\/javascript\">\nfunction ebPricesLoadedCheck() {\n    if(typeof jQuery != \"undefined\") {\n        if(jQuery.fn.ebPricelist) {\n            jQuery(\"#pricesFrame\").ebPricelist({\n                customerId: 9338,\n                serialNo: \"7238-4973-3149\",\n                localeId: 2,\n                loadCSS : true,\n                arrivalDate : \"\",\n                category : \"14\",\n                showAvailability: true,\n                enquiryPage : \"popup\",\n                bookingPage : \"popup\",\n                bookingEngine: 2\n            });\n        } else{setTimeout(ebPricesLoadedCheck,200);}\n    }else{setTimeout(ebPricesLoadedCheck,200);}\n}\nebPricesLoadedCheck();\n<\/script>\n\n\n<div class=\"tpgb-empty-space tpgb-block-120351_4922 \"><\/div>\n\n\n<div class=\"wp-block-stackable-columns stk-block-columns stk-block stk-54fa7b8\" data-block-id=\"54fa7b8\"><style>.stk-54fa7b8 {margin-bottom:8px !important;}<\/style><div class=\"stk-row stk-inner-blocks stk-block-content stk-content-align stk-54fa7b8-column\">\n<div class=\"wp-block-stackable-column stk-block-column stk-column stk-block stk-d737e5c\" data-v=\"4\" data-block-id=\"d737e5c\"><style>.stk-d737e5c {max-width:700px !important;min-width:auto !important;}<\/style><div class=\"stk-column-wrapper stk-block-column__content stk-container stk-d737e5c-container stk--no-background stk--no-padding\"><div class=\"stk-block-content stk-inner-blocks stk-d737e5c-inner-blocks\">\n<p>Tilbud\u00adspri\u00adsen vist ovenfor er inkl. Morgen\u00admad g\u00e6lder for perso\u00adner fra 11 \u00e5r + voksne og reduce\u00adres i forhold til barnets alder ved bestil\u00adling. Se tabel\u00adlen nedenfor.<\/p>\n<\/div><\/div><\/div>\n<\/div><\/div>\n\n\n<div data-block=\"hook:23856\" class=\"alignfull\"><article id=\"post-23856\" class=\"post-23856\"><div class=\"entry-content is-layout-constrained\">\n<div class=\"wp-block-stackable-columns stk-block-columns stk-block stk-cb0adb0 stk-block-background\" data-block-id=\"cb0adb0\"><style>.stk-cb0adb0 {background-color:var(--theme-palette-color-1, #dfa516) !important;background-repeat:no-repeat !important;background-size:20% !important;border-radius:3px !important;overflow:hidden !important;margin-bottom:0px !important;}.stk-cb0adb0:before{background-color:var(--theme-palette-color-1, #dfa516) !important;}.stk-cb0adb0-column{--stk-column-gap:60px !important;row-gap:40px !important;}<\/style><div class=\"stk-row stk-inner-blocks stk-block-content stk-content-align stk-cb0adb0-column\">\n<div class=\"wp-block-stackable-column stk-block-column stk-column stk-block stk-0593279\" data-v=\"4\" data-block-id=\"0593279\"><style>.stk-0593279-container{margin-top:0px !important;margin-right:0px !important;margin-bottom:0px !important;margin-left:0px !important;}.stk-0593279 {align-self:flex-end !important;}@media screen and (min-width:690px){.stk-0593279 {flex:var(--stk-flex-grow, 1) 1 calc(50% - var(--stk-column-gap, 0px) * 1 \/ 2 ) !important;}}@media screen and (min-width:690px) and (max-width:998px){.stk-0593279 {flex:var(--stk-flex-grow, 1) 1 calc(100% - var(--stk-column-gap, 0px) * 0 \/ 1 ) !important;}}<\/style><div class=\"stk-column-wrapper stk-block-column__content stk-container stk-0593279-container stk--no-background stk--no-padding\"><div class=\"stk-block-content stk-inner-blocks stk-0593279-inner-blocks\">\n<div class=\"wp-block-stackable-columns stk-block-columns stk-block stk-d1c9a2d\" data-block-id=\"d1c9a2d\"><style>.stk-d1c9a2d {margin-bottom:16px !important;}<\/style><div class=\"stk-row stk-inner-blocks stk-block-content stk-content-align stk-d1c9a2d-column\">\n<div class=\"wp-block-stackable-column stk-block-column stk-column stk-block stk-2058dc8\" data-v=\"4\" data-block-id=\"2058dc8\"><style>.stk-2058dc8 {align-self:flex-end !important;padding-top:0px !important;padding-right:0px !important;padding-bottom:0px !important;padding-left:0px !important;}.stk-2058dc8-inner-blocks{column-gap:0px !important;}.stk-2058dc8-container{padding-top:0px !important;padding-right:0px !important;padding-bottom:0px !important;padding-left:0px !important;}<\/style><div class=\"stk-column-wrapper stk-block-column__content stk-container stk-2058dc8-container stk--no-background stk--no-padding\"><div class=\"has-text-align-center stk--block-horizontal-flex stk-block-content stk-inner-blocks stk-2058dc8-inner-blocks\"><lord-icon src=\"\/wp-content\/uploads\/2023\/03\/610-slice-of-bread-outline-edited.json\" trigger=\"loop\" colors=\"primary:#000000,secondary:#ffffff\" style=\"width:80px;height:80px;\" delay=\"2000\"><\/lord-icon>\n\n\n<div class=\"wp-block-stackable-heading stk-block-heading stk-block-heading--v2 stk-block stk-70ff8e8\" id=\"wildbach-schlemmer-fruhstucksbuffet\" data-block-id=\"70ff8e8\"><style>.stk-70ff8e8 .stk-block-heading__bottom-line{height:6px !important;width:100% !important;}.stk-70ff8e8 {margin-top:24px !important;margin-left:24px !important;}<\/style><h4 class=\"stk-block-heading__text\">Wildbach gourmet-morgenmadsbuffet<\/h4><div class=\"stk-block-heading__bottom-line\"><\/div><\/div>\n<\/div><\/div><\/div>\n<\/div><\/div>\n\n\n<div class=\"tpgb-pricing-list tpgb-relative-block tpgb-block-1ac024_8121 food-menu-style-3 \"><div class=\"food-menu-box \"><div class=\"food-menu-flex tpgb-relative-block\"><div class=\"food-flex-line \"><div class=\"food-flex-content\"><div class=\"food-title-price\"><h3 class=\"food-menu-title\">\u201eBaby\u201c-Fr\u00fchst\u00fcck <sub>(0 \u2013 2&nbsp;Jahre)<\/sub><\/h3><div class=\"food-menu-divider\"><div class=\"menu-divider no\"><\/div><\/div><h4 class=\"food-menu-price\">kostenfrei<\/h4><\/div><\/div><\/div><\/div><\/div><\/div>\n\n<div class=\"tpgb-pricing-list tpgb-relative-block tpgb-block-d784ad_8121 food-menu-style-3 \"><div class=\"food-menu-box \"><div class=\"food-menu-flex tpgb-relative-block\"><div class=\"food-flex-line \"><div class=\"food-flex-content\"><div class=\"food-title-price\"><h3 class=\"food-menu-title\">\u201eKleines\u201c-Fr\u00fchst\u00fcck <sub>(3 \u2013 4&nbsp;Jahre)<\/sub><\/h3><div class=\"food-menu-divider\"><div class=\"menu-divider no\"><\/div><\/div><h4 class=\"food-menu-price\">4,00&nbsp;\u20ac<\/h4><\/div><\/div><\/div><\/div><\/div><\/div>\n\n<div class=\"tpgb-pricing-list tpgb-relative-block tpgb-block-273803_8121 food-menu-style-3 \"><div class=\"food-menu-box \"><div class=\"food-menu-flex tpgb-relative-block\"><div class=\"food-flex-line \"><div class=\"food-flex-content\"><div class=\"food-title-price\"><h3 class=\"food-menu-title\">\u201eMittleres\u201c-Fr\u00fchst\u00fcck <sub>(5 \u2013 10&nbsp;Jahre)<\/sub><\/h3><div class=\"food-menu-divider\"><div class=\"menu-divider no\"><\/div><\/div><h4 class=\"food-menu-price\">7,00&nbsp;\u20ac<\/h4><\/div><\/div><\/div><\/div><\/div><\/div>\n\n<div class=\"tpgb-pricing-list tpgb-relative-block tpgb-block-5472e8_8121 food-menu-style-3 \"><div class=\"food-menu-box \"><div class=\"food-menu-flex tpgb-relative-block\"><div class=\"food-flex-line \"><div class=\"food-flex-content\"><div class=\"food-title-price\"><h3 class=\"food-menu-title\">\u201eKr\u00e4ftiges\u201c-Fr\u00fchst\u00fcck <sub>(ab 11 Jahre  &amp; Erwachsene)<\/sub><\/h3><div class=\"food-menu-divider\"><div class=\"menu-divider no\"><\/div><\/div><h4 class=\"food-menu-price\">13,50&nbsp;\u20ac<\/h4><\/div><\/div><\/div><\/div><\/div><\/div><\/div><\/div><\/div>\n\n\n\n<div class=\"wp-block-stackable-column stk-block-column stk-column stk-block stk-2a322db\" data-v=\"4\" data-block-id=\"2a322db\"><style>.stk-2a322db-container{margin-top:0px !important;margin-right:0px !important;margin-bottom:0px !important;margin-left:0px !important;}@media screen and (min-width:690px){.stk-2a322db {flex:var(--stk-flex-grow, 1) 1 calc(50% - var(--stk-column-gap, 0px) * 1 \/ 2 ) !important;}}@media screen and (min-width:690px) and (max-width:998px){.stk-2a322db {flex:var(--stk-flex-grow, 1) 1 calc(100% - var(--stk-column-gap, 0px) * 0 \/ 1 ) !important;}}<\/style><div class=\"stk-column-wrapper stk-block-column__content stk-container stk-2a322db-container stk--no-background stk--no-padding\"><div class=\"stk-block-content stk-inner-blocks stk-2a322db-inner-blocks\">\n<figure class=\"wp-block-gallery has-nested-images columns-default is-cropped wp-block-gallery-2 is-layout-flex wp-block-gallery-is-layout-flex\">\n<figure class=\"wp-block-image size-large\"><a href=\"https:\/\/www.zum-wildbach.de\/wp-content\/uploads\/2025\/10\/20250909-dsc06622-scaled.jpg\"><img decoding=\"async\" width=\"1024\" height=\"683\" data-id=\"75706\" src=\"https:\/\/www.zum-wildbach.de\/wp-content\/uploads\/2025\/10\/20250909-dsc06622-1024x683.jpg\" alt=\"Hyggelig restaurant med d\u00e6kkede borde\" class=\"wp-image-75706\" srcset=\"https:\/\/www.zum-wildbach.de\/wp-content\/uploads\/2025\/10\/20250909-dsc06622-1024x683.jpg 1024w, https:\/\/www.zum-wildbach.de\/wp-content\/uploads\/2025\/10\/20250909-dsc06622-300x200.jpg 300w, https:\/\/www.zum-wildbach.de\/wp-content\/uploads\/2025\/10\/20250909-dsc06622-768x512.jpg 768w, https:\/\/www.zum-wildbach.de\/wp-content\/uploads\/2025\/10\/20250909-dsc06622-1536x1024.jpg 1536w, https:\/\/www.zum-wildbach.de\/wp-content\/uploads\/2025\/10\/20250909-dsc06622-2048x1365.jpg 2048w, https:\/\/www.zum-wildbach.de\/wp-content\/uploads\/2025\/10\/20250909-dsc06622-174x116.jpg 174w\" sizes=\"(max-width: 1024px) 100vw, 1024px\"><\/a><\/figure>\n\n\n\n<figure class=\"wp-block-image size-large\"><a href=\"https:\/\/www.zum-wildbach.de\/wp-content\/uploads\/2025\/10\/20250909-dsc06639-scaled.jpg\"><img decoding=\"async\" width=\"1024\" height=\"683\" data-id=\"75727\" src=\"https:\/\/www.zum-wildbach.de\/wp-content\/uploads\/2025\/10\/20250909-dsc06639-1024x683.jpg\" alt=\"Friske rundstykker i en kurv\" class=\"wp-image-75727\" srcset=\"https:\/\/www.zum-wildbach.de\/wp-content\/uploads\/2025\/10\/20250909-dsc06639-1024x683.jpg 1024w, https:\/\/www.zum-wildbach.de\/wp-content\/uploads\/2025\/10\/20250909-dsc06639-300x200.jpg 300w, https:\/\/www.zum-wildbach.de\/wp-content\/uploads\/2025\/10\/20250909-dsc06639-768x512.jpg 768w, https:\/\/www.zum-wildbach.de\/wp-content\/uploads\/2025\/10\/20250909-dsc06639-1536x1024.jpg 1536w, https:\/\/www.zum-wildbach.de\/wp-content\/uploads\/2025\/10\/20250909-dsc06639-2048x1365.jpg 2048w, https:\/\/www.zum-wildbach.de\/wp-content\/uploads\/2025\/10\/20250909-dsc06639-174x116.jpg 174w\" sizes=\"(max-width: 1024px) 100vw, 1024px\"><\/a><\/figure>\n\n\n\n<figure class=\"wp-block-image size-large\"><a href=\"https:\/\/www.zum-wildbach.de\/wp-content\/uploads\/2025\/10\/20250909-dsc06615-scaled.jpg\"><img decoding=\"async\" width=\"1024\" height=\"683\" data-id=\"75702\" src=\"https:\/\/www.zum-wildbach.de\/wp-content\/uploads\/2025\/10\/20250909-dsc06615-1024x683.jpg\" alt=\"Lys restaurant med borde og blomster\" class=\"wp-image-75702\" srcset=\"https:\/\/www.zum-wildbach.de\/wp-content\/uploads\/2025\/10\/20250909-dsc06615-1024x683.jpg 1024w, https:\/\/www.zum-wildbach.de\/wp-content\/uploads\/2025\/10\/20250909-dsc06615-300x200.jpg 300w, https:\/\/www.zum-wildbach.de\/wp-content\/uploads\/2025\/10\/20250909-dsc06615-768x512.jpg 768w, https:\/\/www.zum-wildbach.de\/wp-content\/uploads\/2025\/10\/20250909-dsc06615-1536x1024.jpg 1536w, https:\/\/www.zum-wildbach.de\/wp-content\/uploads\/2025\/10\/20250909-dsc06615-2048x1365.jpg 2048w, https:\/\/www.zum-wildbach.de\/wp-content\/uploads\/2025\/10\/20250909-dsc06615-174x116.jpg 174w\" sizes=\"(max-width: 1024px) 100vw, 1024px\"><\/a><\/figure>\n\n\n\n<figure class=\"wp-block-image size-large\"><a href=\"https:\/\/www.zum-wildbach.de\/wp-content\/uploads\/2025\/10\/20250909-dsc06657-scaled.jpg\"><img decoding=\"async\" width=\"1024\" height=\"683\" data-id=\"75747\" src=\"https:\/\/www.zum-wildbach.de\/wp-content\/uploads\/2025\/10\/20250909-dsc06657-1024x683.jpg\" alt=\"Friske gr\u00f8ntsager og dressing p\u00e5 et bord.\" class=\"wp-image-75747\" srcset=\"https:\/\/www.zum-wildbach.de\/wp-content\/uploads\/2025\/10\/20250909-dsc06657-1024x683.jpg 1024w, https:\/\/www.zum-wildbach.de\/wp-content\/uploads\/2025\/10\/20250909-dsc06657-300x200.jpg 300w, https:\/\/www.zum-wildbach.de\/wp-content\/uploads\/2025\/10\/20250909-dsc06657-768x512.jpg 768w, https:\/\/www.zum-wildbach.de\/wp-content\/uploads\/2025\/10\/20250909-dsc06657-1536x1024.jpg 1536w, https:\/\/www.zum-wildbach.de\/wp-content\/uploads\/2025\/10\/20250909-dsc06657-2048x1365.jpg 2048w, https:\/\/www.zum-wildbach.de\/wp-content\/uploads\/2025\/10\/20250909-dsc06657-174x116.jpg 174w\" sizes=\"(max-width: 1024px) 100vw, 1024px\"><\/a><\/figure>\n\n\n\n<figure class=\"wp-block-image size-large\"><a href=\"https:\/\/www.zum-wildbach.de\/wp-content\/uploads\/2025\/10\/20250909-dsc06637-scaled.jpg\"><img decoding=\"async\" width=\"1024\" height=\"683\" data-id=\"75719\" src=\"https:\/\/www.zum-wildbach.de\/wp-content\/uploads\/2025\/10\/20250909-dsc06637-1024x683.jpg\" alt=\"Buffet med forskellige retter og bagv\u00e6rk.\" class=\"wp-image-75719\" srcset=\"https:\/\/www.zum-wildbach.de\/wp-content\/uploads\/2025\/10\/20250909-dsc06637-1024x683.jpg 1024w, https:\/\/www.zum-wildbach.de\/wp-content\/uploads\/2025\/10\/20250909-dsc06637-300x200.jpg 300w, https:\/\/www.zum-wildbach.de\/wp-content\/uploads\/2025\/10\/20250909-dsc06637-768x512.jpg 768w, https:\/\/www.zum-wildbach.de\/wp-content\/uploads\/2025\/10\/20250909-dsc06637-1536x1024.jpg 1536w, https:\/\/www.zum-wildbach.de\/wp-content\/uploads\/2025\/10\/20250909-dsc06637-2048x1365.jpg 2048w, https:\/\/www.zum-wildbach.de\/wp-content\/uploads\/2025\/10\/20250909-dsc06637-174x116.jpg 174w\" sizes=\"(max-width: 1024px) 100vw, 1024px\"><\/a><\/figure>\n\n\n\n<figure class=\"wp-block-image size-large\"><a href=\"https:\/\/www.zum-wildbach.de\/wp-content\/uploads\/2025\/10\/20250909-dsc06659-scaled.jpg\"><img decoding=\"async\" width=\"1024\" height=\"683\" data-id=\"75751\" src=\"https:\/\/www.zum-wildbach.de\/wp-content\/uploads\/2025\/10\/20250909-dsc06659-1024x683.jpg\" alt=\"Morgenbuffet med morgenmadsingredienser og automater.\" class=\"wp-image-75751\" srcset=\"https:\/\/www.zum-wildbach.de\/wp-content\/uploads\/2025\/10\/20250909-dsc06659-1024x683.jpg 1024w, https:\/\/www.zum-wildbach.de\/wp-content\/uploads\/2025\/10\/20250909-dsc06659-300x200.jpg 300w, https:\/\/www.zum-wildbach.de\/wp-content\/uploads\/2025\/10\/20250909-dsc06659-768x512.jpg 768w, https:\/\/www.zum-wildbach.de\/wp-content\/uploads\/2025\/10\/20250909-dsc06659-1536x1024.jpg 1536w, https:\/\/www.zum-wildbach.de\/wp-content\/uploads\/2025\/10\/20250909-dsc06659-2048x1365.jpg 2048w, https:\/\/www.zum-wildbach.de\/wp-content\/uploads\/2025\/10\/20250909-dsc06659-174x116.jpg 174w\" sizes=\"(max-width: 1024px) 100vw, 1024px\"><\/a><\/figure>\n<\/figure>\n<\/div><\/div><\/div>\n<\/div><\/div>\n<\/div><\/article><\/div>\n\n\n<div class=\"tpgb-empty-space tpgb-block-5f8e42_4922 \"><\/div>\n\n<div data-block=\"hook:21368\" class=\"alignfull\"><article id=\"post-21368\" class=\"post-21368\"><div class=\"entry-content is-layout-constrained\">\n<p class=\"small\">Prisen inklu\u00adde\u00adrer alle ekstra omkost\u00adnin\u00adger til varme, vand, elektri\u00adci\u00adtet, moms, senge\u00adlin\u00adned, h\u00e5ndkl\u00e6\u00adder og slutren\u00adg\u00f8\u00adring.<br>Den lokale <strong>turistskat<\/strong> p\u00e5<strong> \u20ac 3,50 pr. voksen pr. nat<\/strong> og <strong>\u20ac 1,75 for b\u00f8rn i alderen 6\u201317 \u00e5r pr. nat<\/strong> opkr\u00e6\u00adves separat.<br>Bem\u00e6rk venligst vores <a href=\"https:\/\/www.zum-wildbach.de\/da\/agb-indkvartering\">generelle vilk\u00e5r og betin\u00adgel\u00adser<\/a>.<\/p>\n<\/div><\/article><\/div>\n<\/div><\/div><\/div>\n<\/div><\/div>\n<div class=\"tpgb-empty-space tpgb-block-443b19_4922 \"><\/div>\n<h3 class=\"wp-block-heading has-text-align-center\">Dette tilbud er stadig<\/h3>\n<div class=\"tp-countdown tpgb-block-89d13f_4922 countdown-style-2  tpgb-relative-block \" data-offset=\"2\" data-day=\"Dage\" data-hour=\"Timer\" data-min=\"Minutter\" data-sec=\"Sekunder\" data-filptheme=\"dark\" data-countdata=\"{&quot;style&quot;:&quot;style-2&quot;,&quot;blockId&quot;:&quot;tpgb-block-89d13f_4922&quot;,&quot;type&quot;:&quot;normal&quot;,&quot;expiry&quot;:&quot;none&quot;}\"><div id=\"tpgb-block-89d13f_4922\" class=\"flipdown tpgb-countdown-counter\" data-time=\"1780271940\"><\/div><\/div>\n<h3 class=\"wp-block-heading has-text-align-center\">tilg\u00e6ngelig.<\/h3>\n<div class=\"tpgb-empty-space tpgb-block-3c90c2_4922 \"><\/div>\n<div class=\"wp-block-stackable-image stk-block-image stk-block stk-d96f87c\" data-block-id=\"d96f87c\"><style>.stk-d96f87c {max-width:700px !important;min-width:auto !important;margin-top:-40px !important;margin-right:auto !important;margin-left:auto !important;z-index:10 !important;}.stk-d96f87c .stk-img-wrapper img{object-position:50% 100% !important;}<\/style><figure><span class=\"stk-img-wrapper stk-image--shape-stretch\"><img decoding=\"async\" class=\"stk-img wp-image-8213\" src=\"https:\/\/www.zum-wildbach.de\/wp-content\/uploads\/2023\/03\/Wald2.webp\" width=\"2048\" height=\"707\" alt=\"Tr\u00e6er\" srcset=\"https:\/\/www.zum-wildbach.de\/wp-content\/uploads\/2023\/03\/Wald2.webp 2048w, https:\/\/www.zum-wildbach.de\/wp-content\/uploads\/2023\/03\/Wald2-300x104.webp 300w, https:\/\/www.zum-wildbach.de\/wp-content\/uploads\/2023\/03\/Wald2-1024x354.webp 1024w, https:\/\/www.zum-wildbach.de\/wp-content\/uploads\/2023\/03\/Wald2-768x265.webp 768w, https:\/\/www.zum-wildbach.de\/wp-content\/uploads\/2023\/03\/Wald2-1536x530.webp 1536w\" sizes=\"(max-width: 2048px) 100vw, 2048px\"><\/span><\/figure><\/div>\n<div class=\"tpgb-empty-space tpgb-block-5f7eb1_4922 \"><\/div>","protected":false},"excerpt":{"rendered":"<p>For\u00e5r omkring Bloks\u00adb\u00adjerg.\u2026 fra 03. maj&nbsp;2026 til 31. maj&nbsp;2026 Pris pr. nat normal \u20ac 95 .00 i stedet for&nbsp;112&nbsp;\u20ac Der er stadig last minute-tilbud til&nbsp;april. Vores elleve ferie\u00adlej\u00adlig\u00adhe\u00adder \u201eKirchblick\u201c har hver et boliga\u00adreal p\u00e5 64&nbsp;m\u00b2 og plads til op til 6 perso\u00adner. Den komforta\u00adbelt indret\u00adtede stue med fladsk\u00e6rms-tv og m\u00f8bler af h\u00f8j kvali\u00adtet samt&nbsp;en&nbsp;[\u2026]<\/p>\n","protected":false},"featured_media":21471,"template":"","meta":{"tpgb_global_settings":"","_eb_attr":"","wp_typography_post_enhancements_disabled":false,"footnotes":""},"class_list":["post-21466","last-minute","type-last-minute","status-publish","has-post-thumbnail","hentry"],"blocksy_meta":[],"tpgb_featured_images":{"full":["https:\/\/www.zum-wildbach.de\/wp-content\/uploads\/2023\/02\/Ferienwohnung-Kirchblick-2-43-Zum-Wildbach-Schierke_20220808-DSC03404_web.jpg",2560,1707,false],"tp-image-grid":["https:\/\/www.zum-wildbach.de\/wp-content\/uploads\/2023\/02\/Ferienwohnung-Kirchblick-2-43-Zum-Wildbach-Schierke_20220808-DSC03404_web-700x700.jpg",700,700,true],"thumbnail":["https:\/\/www.zum-wildbach.de\/wp-content\/uploads\/2023\/02\/Ferienwohnung-Kirchblick-2-43-Zum-Wildbach-Schierke_20220808-DSC03404_web-150x150.jpg",150,150,true],"medium":["https:\/\/www.zum-wildbach.de\/wp-content\/uploads\/2023\/02\/Ferienwohnung-Kirchblick-2-43-Zum-Wildbach-Schierke_20220808-DSC03404_web-300x200.jpg",300,200,true],"medium_large":["https:\/\/www.zum-wildbach.de\/wp-content\/uploads\/2023\/02\/Ferienwohnung-Kirchblick-2-43-Zum-Wildbach-Schierke_20220808-DSC03404_web-768x512.jpg",768,512,true],"large":["https:\/\/www.zum-wildbach.de\/wp-content\/uploads\/2023\/02\/Ferienwohnung-Kirchblick-2-43-Zum-Wildbach-Schierke_20220808-DSC03404_web-1024x683.jpg",1024,683,true],"default":"https:\/\/www.zum-wildbach.de\/wp-content\/plugins\/the-plus-addons-for-block-editor\/assets\/images\/tpgb-placeholder.jpg"},"tpgb_post_meta_info":{"get_date":"13. april 2026","get_modified_date":"26. april 2026","comment_count":0,"post_likes":0,"post_views":0},"tpgb_post_category":[],"_links":{"self":[{"href":"https:\/\/www.zum-wildbach.de\/da\/wp-json\/wp\/v2\/last-minute\/21466","targetHints":{"allow":["GET"]}}],"collection":[{"href":"https:\/\/www.zum-wildbach.de\/da\/wp-json\/wp\/v2\/last-minute"}],"about":[{"href":"https:\/\/www.zum-wildbach.de\/da\/wp-json\/wp\/v2\/types\/last-minute"}],"version-history":[{"count":20,"href":"https:\/\/www.zum-wildbach.de\/da\/wp-json\/wp\/v2\/last-minute\/21466\/revisions"}],"predecessor-version":[{"id":94567,"href":"https:\/\/www.zum-wildbach.de\/da\/wp-json\/wp\/v2\/last-minute\/21466\/revisions\/94567"}],"wp:featuredmedia":[{"embeddable":true,"href":"https:\/\/www.zum-wildbach.de\/da\/wp-json\/wp\/v2\/media\/21471"}],"wp:attachment":[{"href":"https:\/\/www.zum-wildbach.de\/da\/wp-json\/wp\/v2\/media?parent=21466"}],"curies":[{"name":"wp","href":"https:\/\/api.w.org\/{rel}","templated":true}]}}