{"id":21339,"date":"2023-07-13T14:28:48","date_gmt":"2023-07-13T12:28:48","guid":{"rendered":"https:\/\/www.zum-wildbach.de\/agb-udlejning-af-fritidsudstyr"},"modified":"2025-07-20T14:41:25","modified_gmt":"2025-07-20T12:41:25","slug":"agb-udlejning-af-fritidsudstyr","status":"publish","type":"page","link":"https:\/\/www.zum-wildbach.de\/da\/agb-udlejning-af-fritidsudstyr","title":{"rendered":"AGB \u2013 Udlejning af fritidsudstyr"},"content":{"rendered":"\n<p><strong>Generelle vilk\u00e5r og betin\u00adgel\u00adser og forbru\u00adger\u00adin\u00adfor\u00adma\u00adtion for leje af fritidsudstyr<\/strong><\/p>\n\n<p>Status: 15. juli&nbsp;2023<\/p>\n\n<p><strong>Ferie\u00adan\u00adl\u00e6g<\/strong> <br><strong>Zum Wildbach GmbH<\/strong><br>Baren\u00adberg 15f<br>38879 Schierke<\/p>\n\n<p>Telefon: +49 (0) 3 94 55 \/ 58 99 70<br>E\u2011mail: <a href=\"mailto:info@zum-wildbach.de\">info@zum-wildbach.de<\/a><\/p>\n\n<div style=\"height:50px\" aria-hidden=\"true\" class=\"wp-block-spacer\"><\/div>\n\n<nav class=\"wp-block-stackable-table-of-contents stk-block-table-of-contents stk-block stk-9025f0a stk-block-background\" data-block-id=\"9025f0a\"><style>.stk-9025f0a li{padding-inline-start:0px !important;margin-bottom:16px !important;}.stk-9025f0a ul{list-style-type:none !important;}.stk-9025f0a .stk-table-of-contents__table{column-count:2 !important;column-gap:49px !important;}.stk-9025f0a .stk-table-of-contents__table ul{margin-top:16px !important;}html{scroll-behavior:smooth !important;}.stk-9025f0a .stk-table-of-contents__title{font-size:1.3em !important;}.stk-9025f0a {background-color:var(--theme-palette-color-8, #dddad2) !important;border-top-left-radius:3px !important;border-top-right-radius:3px !important;border-bottom-right-radius:3px !important;border-bottom-left-radius:3px !important;overflow:hidden !important;box-shadow:none !important;margin-bottom:0px !important;}.stk-9025f0a:before{background-color:var(--theme-palette-color-8, #dddad2) !important;}@media screen and (max-width:998px){.stk-9025f0a .stk-table-of-contents__title{font-size:1.3em !important;}}<\/style><p class=\"stk-table-of-contents__title\">Indholds\u00adfor\u00adteg\u00adnelse<\/p><ul class=\"stk-table-of-contents__table\"><li><a href=\"#1-geltungsbereich\">\u00a7 1 Anvendelsesomr\u00e5de<\/a><\/li><li><a href=\"#2-vertragspartner\">\u00a7 2 Kontraktpartner<\/a><\/li><li><a href=\"#3-vertragsschluss-uberprufung-und-korrektur-vertragssprachen-verhaltenskodizes\">\u00a7 3 Kontrak\u00adtind\u00adg\u00e5\u00adelse, revision og korrek\u00adtion, kontrakt\u00ads\u00adprog, adf\u00e6rdskodekser<\/a><\/li><li><a href=\"#4-vertragstext\">\u00a7 4 Kontrakttekst<\/a><\/li><li><a href=\"#5-zahlungsarten\">\u00a7 5 Betalingsmetoder<\/a><\/li><li><a href=\"#6-preise-miettag-und-kaution\">\u00a7 6 Priser, udlej\u00adnings\u00addag og depositum<\/a><\/li><li><a href=\"#7-pflichten-des-vermieters\">\u00a7 7 Udleje\u00adrens pligter<\/a><\/li><li><a href=\"#8-pflichten-des-mieters\">\u00a7 8 Lejerens pligter<\/a><\/li><li><a href=\"#9-haftung\">\u00a7 9 Ansvar<\/a><\/li><li><a href=\"#10-hinweis-zum-nichtbestehen-eines-widerrufsrechts\">\u00a7 10 Meddel\u00adelse om manglende fortrydelsesret<\/a><\/li><li><a href=\"#11-streitbeilegung\">\u00a7 11 L\u00f8sning af tvister<\/a><\/li><li><a href=\"#12-gerichtsstand\">\u00a7 12 Jurisdiktion<\/a><\/li><li><a href=\"#13-salvatorische-klausel\">\u00a7 13 Klausul om udelukkelse<\/a><\/li><\/ul><\/nav>\n\n<div style=\"height:50px\" aria-hidden=\"true\" class=\"wp-block-spacer\"><\/div>\n\n<h3 class=\"wp-block-heading\" id=\"1-geltungsbereich\"><strong>\u00a7 1 Anvendelsesomr\u00e5de<\/strong><\/h3>\n\n<ol style=\"list-style-type:1\" class=\"wp-block-list\">\n<li>Disse generelle vilk\u00e5r og betin\u00adgel\u00adser (GTC \u2013 Leje af fritids\u00adud\u00adstyr) g\u00e6lder for alle kontrak\u00adter om leje af fritids\u00adud\u00adstyr, inklu\u00adsive ekstraud\u00adstyr, hvis det er relevant, mellem os og vores kunder.<\/li>\n\n\n\n<li>Kundens afvigende eller supple\u00adrende betin\u00adgel\u00adser, som vi ikke udtryk\u00adke\u00adligt anerken\u00adder, g\u00e6lder ikke, selv om vi ikke udtryk\u00adke\u00adligt g\u00f8r indsi\u00adgelse mod&nbsp;dem.<\/li>\n<\/ol>\n\n<h3 class=\"wp-block-heading\" id=\"2-vertragspartner\"><strong>\u00a7 2 Kontraktpartner<\/strong><\/h3>\n\n<p>Du indg\u00e5r kontrak\u00adter&nbsp;med:<\/p>\n\n<p><br>Ferie\u00adcen\u00adter Zum Wildbach GmbH<\/p>\n\n<h3 class=\"wp-block-heading\" id=\"3-vertragsschluss-uberprufung-und-korrektur-vertragssprachen-verhaltenskodizes\"><strong>\u00a7 3 Kontraktindg\u00e5else, revision og korrektion, kontraktsprog, adf\u00e6rdskodekser<\/strong><\/h3>\n\n<ol style=\"list-style-type:1\" class=\"wp-block-list\">\n<li>Pr\u00e6sen\u00adta\u00adtio\u00adnen af fritidsudstyret\/udlejningsgenstandene (cykler, langrends\u00adski og k\u00e6lke, trailere, vogne osv.) og ekstraud\u00adsty\u00adret (cykel\u00adhjelm, naviga\u00adtions\u00adt\u00ada\u00adske til mobil\u00adte\u00adle\u00adfon osv.) p\u00e5 vores hjemmeside med angivelse af den lejepe\u00adri\u00adode, du har valgt, samt vores priser, udg\u00f8r et bindende tilbud om at leje dem til dig. Du kan f\u00f8rst l\u00e6gge dem i indk\u00f8bs\u00adkur\u00adven uden forplig\u00adtelse og til enhver tid rette dine indtast\u00adnin\u00adger, f\u00f8r du afgiver din bindende ordre (\u201elej nu\u201c) ved at bruge de korrek\u00adtions\u00adhj\u00e6l\u00adpe\u00admid\u00adler, der er stillet til r\u00e5dig\u00adhed og forkla\u00adret til dette form\u00e5l i ordre\u00adpro\u00adces\u00adsen. Kontrak\u00adten er indg\u00e5et, n\u00e5r du accep\u00adte\u00adrer tilbud\u00addet om at leje varerne i indk\u00f8bs\u00adkur\u00adven p\u00e5 de tidspunk\u00adter, der er angivet der, ved at klikke p\u00e5 bestil\u00adlings\u00adk\u00adnap\u00adpen. Umiddel\u00adbart efter afsen\u00addelse af ordren modta\u00adger du endnu en bekr\u00e6f\u00adtelse via e\u2011mail. Vi beder dig om at sikre, at den e\u2011mailadresse, du angiver, er korrekt, og at e\u2011mails, der sendes til den af os, kan modta\u00adges. Tjek ogs\u00e5 din \u201eSpam-mappe\u201c, hvis det er n\u00f8dven\u00addigt. Natur\u00adlig\u00advis kan den tilsva\u00adrende kontrakt ogs\u00e5 indg\u00e5s person\u00adligt i vores lokaler, pr. post, e\u2011mail eller telefon.<\/li>\n\n\n\n<li>Bem\u00e6rk venligst, at kontrak\u00adten kun kan indg\u00e5s p\u00e5 tysk, engelsk og hollandsk.<\/li>\n\n\n\n<li>Vi er ikke under\u00adlagt nogen s\u00e6rlige adf\u00e6rdskodekser.<\/li>\n<\/ol>\n\n<h3 class=\"wp-block-heading\" id=\"4-vertragstext\"><strong>\u00a7 4 Kontrakttekst<\/strong><\/h3>\n\n<p>Vi gemmer kontrakt\u00adtek\u00adsten og sender dig booking\u00adda\u00adta\u00adene og vores GTC \u2013 Udlej\u00adning af fritids\u00adud\u00adstyr i tekst\u00adform. Teksten til kontrak\u00adten er ikke l\u00e6ngere tilg\u00e6n\u00adge\u00adlig via inter\u00adnet\u00adtet. GTC \u2013 Udlej\u00adning af fritids\u00adud\u00adstyr er stadig tilg\u00e6n\u00adge\u00adlig via internettet.<\/p>\n\n<h3 class=\"wp-block-heading\" id=\"5-zahlungsarten\"><strong>\u00a7 5 Betalingsmetoder<\/strong><\/h3>\n\n<p>Du betaler forud ved&nbsp;at<\/p>\n\n<p><strong>Banko\u00adver\u00adf\u00f8r\u00adsel<\/strong><br>Vi sender dig vores bankop\u00adlys\u00adnin\u00adger i en separat e\u2011mail og beder om en banko\u00adver\u00adf\u00f8r\u00adsel&nbsp;eller<\/p>\n\n<p><strong>PayPal<\/strong><br>For at kunne betale via PayPal skal du v\u00e6re registre\u00adret der eller f\u00f8rst registrere dig, legiti\u00admere dig med dine adgangs\u00addata og bekr\u00e6fte betalings\u00adan\u00advis\u00adnin\u00adgen til os, hvorved du vil blive videre\u00adsendt til PayPals hjemmeside i bestillingsprocessen.<\/p>\n\n<p>Under visse omst\u00e6n\u00addig\u00adhe\u00adder giver vi mulig\u00adhed for at betale forud p\u00e5 <strong>stedet<\/strong>. Betaling sker deref\u00adter kontant, med EC-kort eller kredit\u00adkort (Visa eller MasterCard).<\/p>\n\n<h3 class=\"wp-block-heading\" id=\"6-preise-miettag-und-kaution\"><strong>\u00a7 6 Priser, udlejningsdag og depositum<\/strong><\/h3>\n\n<ol style=\"list-style-type:1\" class=\"wp-block-list\">\n<li>De angivne priser er inklu\u00adsive den g\u00e6ldende merv\u00e6rdiafgift.<\/li>\n\n\n\n<li>Den p\u00e5g\u00e6l\u00addende kalen\u00adder\u00addag anses for at v\u00e6re lejedagen.<\/li>\n\n\n\n<li>Bem\u00e6rk venligst, at der skal betales et deposi\u00adtum (p.t. EUR 25,-) pr. lejebo\u00adlig i kontan\u00adter ved afhentning.<\/li>\n<\/ol>\n\n<h3 class=\"wp-block-heading\" id=\"7-pflichten-des-vermieters\"><strong>\u00a7 7 Udlejerens pligter<\/strong><\/h3>\n\n<ol style=\"list-style-type:1\" class=\"wp-block-list\">\n<li>Vi er forplig\u00adtet til at give dig udlej\u00adnings\u00adgen\u00adstan\u00addene i korrekt teknisk stand.<\/li>\n\n\n\n<li>Hvis repara\u00adtio\u00adner bliver n\u00f8dven\u00addige i lejepe\u00adri\u00ado\u00adden, vil vi udf\u00f8re dem eller give dig en passende erstat\u00adnings\u00adgen\u00adstand p\u00e5 udlej\u00adnings\u00adsta\u00adtio\u00adnen. Inddra\u00adgelse af andre leveran\u00add\u00f8\u00adrer til repara\u00adtio\u00adner kr\u00e6ver vores samtykke, som vi ikke uden rimelig grund vil tilba\u00adge\u00adholde. Omkost\u00adnin\u00adger til repara\u00adtions\u00ador\u00addrer, der er foreta\u00adget uden vores samtykke, afhol\u00addes af lejeren.<\/li>\n<\/ol>\n\n<h3 class=\"wp-block-heading\" id=\"8-pflichten-des-mieters\"><strong>\u00a7 8 Lejerens pligter<\/strong><\/h3>\n\n<ol style=\"list-style-type:1\" class=\"wp-block-list\">\n<li>Alle brugere skal s\u00e6tte sig ind i betje\u00adnin\u00adgen af udlej\u00adnings\u00ade\u00adjen\u00addom\u00admen, f\u00f8r de tager den i brug, og hvis de ikke er fortro\u00adlige med udlej\u00adnings\u00ade\u00adjen\u00addom\u00admen, skal de modtage instruk\u00adtion fra&nbsp;os.<\/li>\n\n\n\n<li>Alle brugere skal sikre udlej\u00adnings\u00adgen\u00adstan\u00addene mod tyveri og straks under\u00adrette os om eventu\u00adelle tab, mangler eller skader.<\/li>\n\n\n\n<li>Du er forplig\u00adtet til at aflevere lejem\u00e5\u00adlet \u2013 bortset fra snavs og slitage inden for rammerne af normal brug \u2013 i samme stand, som du modtog det fra&nbsp;os.<\/li>\n\n\n\n<li>Alle brugere skal behandle lejeob\u00adjek\u00adtet med omhu og omtanke.<\/li>\n<\/ol>\n\n<h3 class=\"wp-block-heading\" id=\"9-haftung\"><strong>\u00a7 9 Ansvar<\/strong><\/h3>\n\n<p>For krav baseret p\u00e5 skader for\u00e5r\u00adsa\u00adget af os, vores juridi\u00adske repr\u00e6\u00adsen\u00adtan\u00adter eller stedfortr\u00e6\u00addere, er vi altid ansvar\u00adlige uden begr\u00e6nsning<\/p>\n\n<ul class=\"wp-block-list\">\n<li>i tilf\u00e6lde af skade p\u00e5 liv, lemmer eller helbred<\/li>\n\n\n\n<li>i tilf\u00e6lde af fors\u00e6t\u00adlig eller groft uagtsom pligtfors\u00f8mmelse<\/li>\n\n\n\n<li>i tilf\u00e6lde af garan\u00adtil\u00f8f\u00adter, i det omfang det er aftalt, eller<\/li>\n\n\n\n<li>for s\u00e5 vidt som anven\u00addel\u00adses\u00adom\u00adr\u00e5\u00addet for produktansvars\u00adlo\u00adven&nbsp;\u00e5bnes.<\/li>\n<\/ul>\n\n<p>I tilf\u00e6lde af mislig\u00adhol\u00addelse af v\u00e6sent\u00adlige kontrakt\u00adlige forplig\u00adtel\u00adser, hvis opfyl\u00addelse er en forud\u00ads\u00e6t\u00adning for kontrak\u00adtens korrekte gennem\u00adf\u00f8\u00adrelse, og hvis overhol\u00addelse kontrakt\u00adpart\u00adne\u00adren regel\u00adm\u00e6s\u00adsigt kan stole p\u00e5 (kardi\u00adnal\u00adfor\u00adplig\u00adtel\u00adser) p\u00e5 grund af let uagtsom\u00adhed fra vores side, fra vores juridi\u00adske repr\u00e6\u00adsen\u00adtan\u00adter eller stedfortr\u00e6\u00addende agenter, er ansvars\u00adbe\u00adl\u00f8\u00adbet begr\u00e6n\u00adset til den skade, der kan forud\u00adses p\u00e5 tidspunk\u00adtet for kontrak\u00adtens indg\u00e5\u00adelse, og hvis forekomst typisk m\u00e5 forventes.<\/p>\n\n<p>I modsat fald er erstat\u00adnings\u00adkrav udelukket.<\/p>\n\n<h3 class=\"wp-block-heading\" id=\"10-hinweis-zum-nichtbestehen-eines-widerrufsrechts\"><strong>\u00a7 10 Meddelelse om manglende fortrydelsesret<\/strong><\/h3>\n\n<p>Vi vil gerne p\u00e5pege, at en fortry\u00addel\u00adses\u00adret i henhold til \u00a7 312&nbsp;g stk. 2 nr. 9 i BGB findes ikke.<\/p>\n\n<h3 class=\"wp-block-heading\" id=\"11-streitbeilegung\"><strong>\u00a7 11 L\u00f8sning af tvister<\/strong><\/h3>\n\n<p>Vi er ikke forplig\u00adtet til eller villige til at deltage i tvist\u00adbil\u00e6g\u00adgel\u00adses\u00adpro\u00adce\u00addu\u00adrer ved et forbrugervoldgiftsn\u00e6vn.<\/p>\n\n<h3 class=\"wp-block-heading\" id=\"12-gerichtsstand\"><strong>\u00a7 12 Jurisdiktion<\/strong><\/h3>\n\n<p>Hvis kunden er en erhvervs\u00addri\u00advende, en offent\u00adli\u00adgret\u00adlig juridisk person eller en offent\u00adli\u00adgret\u00adlig speci\u00adal\u00adfond, er det eksklu\u00adsive v\u00e6rne\u00adting for alle tvister, der direkte eller indirekte opst\u00e5r som f\u00f8lge af kontrakt\u00adfor\u00adhol\u00addet, Ferienan\u00adlage zum Wildbach GmbH\u2019s hjemsted. Vi er dog ogs\u00e5 beret\u00adti\u00adget til at anl\u00e6gge sag ved kundens almin\u00adde\u00adlige v\u00e6rneting.<\/p>\n\n<h3 class=\"wp-block-heading\" id=\"13-salvatorische-klausel\"><strong>\u00a7 13 Klausul om udelukkelse<\/strong><\/h3>\n\n<p>Skulle enkelte bestem\u00admel\u00adser i disse GTC \u2013 Accom\u00admoda\u00adtion v\u00e6re eller blive helt eller delvist ugyldige, skal dette ikke p\u00e5virke gyldig\u00adhe\u00adden af kontrak\u00adten og dens reste\u00adrende bestemmelser.<\/p>\n","protected":false},"excerpt":{"rendered":"<p>Generelle vilk\u00e5r og betin\u00adgel\u00adser og forbru\u00adger\u00adin\u00adfor\u00adma\u00adtion for leje af fritids\u00adud\u00adstyr Status: 15. juli&nbsp;2023 Ferie\u00adan\u00adl\u00e6g Zum Wildbach GmbHBaren\u00adberg 15f38879 Schierke Telefon: +49 (0) 3 94 55 \/ 58 99 70E\u2011mail: info@zum-wildbach.de Indholds\u00adfor\u00adteg\u00adnelse \u00a7 1 Anven\u00addel\u00adses\u00adom\u00adr\u00e5de \u00a7 2 Kontrakt\u00adpart\u00adner \u00a7 3 Kontrak\u00adtind\u00adg\u00e5\u00adelse, revision og korrek\u00adtion, kontrakt\u00ads\u00adprog, adf\u00e6rds\u00adko\u00addek\u00adser \u00a7 4 Kontrakt\u00adtekst \u00a7 5 Betalings\u00adme\u00adto\u00adder \u00a7 6 Priser, udlejningsdag&nbsp;[\u2026]<\/p>\n","protected":false},"author":1,"featured_media":0,"parent":0,"menu_order":0,"comment_status":"closed","ping_status":"closed","template":"","meta":{"tpgb_global_settings":"","_eb_attr":"","wp_typography_post_enhancements_disabled":false,"footnotes":""},"class_list":["post-21339","page","type-page","status-publish","hentry"],"blocksy_meta":{"has_hero_section":"enabled","page_structure_type":"type-3","hero_elements":[{"id":"custom_title","enabled":true,"heading_tag":"h1","title":"Startseite","__id":"a0SHefAdiaUqcg1MsOrdH"},{"id":"custom_description","enabled":false,"description_visibility":{"desktop":true,"tablet":true,"mobile":false},"__id":"7l4LvspGO2hs6LEWxXesL"},{"id":"custom_meta","enabled":false,"meta_elements":[{"id":"author","enabled":true,"label":"Von","has_author_avatar":"yes","avatar_size":25},{"id":"post_date","enabled":true,"label":"Am","date_format_source":"default","date_format":"M j, Y"},{"id":"updated_date","enabled":false,"label":"Am","date_format_source":"default","date_format":"M j, Y"},{"id":"categories","enabled":false,"label":"In","style":"simple"},{"id":"comments","enabled":true}],"page_meta_elements":{"joined":true,"articles_count":true,"comments":true},"__id":"EIaMttA58nWydg627AmKM"},{"id":"breadcrumbs","enabled":false,"__id":"upkq2vtW_vACrlMdXE6Mu"}],"styles_descriptor":{"styles":{"desktop":"[data-prefix=\"single_page\"] .entry-header .page-title {--theme-font-size:30px;} [data-prefix=\"single_page\"] .entry-header .entry-meta {--theme-font-weight:600;--theme-text-transform:uppercase;--theme-font-size:12px;--theme-line-height:1.3;}","tablet":"","mobile":""},"google_fonts":[],"version":6}},"tpgb_featured_images":null,"tpgb_post_meta_info":{"get_date":"13. juli 2023","get_modified_date":"20. juli 2025","author_name":"Torsten Wagner","author_url":"https:\/\/www.zum-wildbach.de\/da\/author\/torsten","author_email":"admin@wagnergraphics.de","author_website":"https:\/\/www.zum-wildbach.de","author_description":"","author_facebook":"","author_twitter":"","author_instagram":"","author_role":["administrator"],"author_firstname":"Torsten","author_lastname":"Wagner","user_login":"Torsten","comment_count":0,"post_likes":0,"post_views":0},"tpgb_post_category":[],"_links":{"self":[{"href":"https:\/\/www.zum-wildbach.de\/da\/wp-json\/wp\/v2\/pages\/21339","targetHints":{"allow":["GET"]}}],"collection":[{"href":"https:\/\/www.zum-wildbach.de\/da\/wp-json\/wp\/v2\/pages"}],"about":[{"href":"https:\/\/www.zum-wildbach.de\/da\/wp-json\/wp\/v2\/types\/page"}],"author":[{"embeddable":true,"href":"https:\/\/www.zum-wildbach.de\/da\/wp-json\/wp\/v2\/users\/1"}],"replies":[{"embeddable":true,"href":"https:\/\/www.zum-wildbach.de\/da\/wp-json\/wp\/v2\/comments?post=21339"}],"version-history":[{"count":2,"href":"https:\/\/www.zum-wildbach.de\/da\/wp-json\/wp\/v2\/pages\/21339\/revisions"}],"predecessor-version":[{"id":66280,"href":"https:\/\/www.zum-wildbach.de\/da\/wp-json\/wp\/v2\/pages\/21339\/revisions\/66280"}],"wp:attachment":[{"href":"https:\/\/www.zum-wildbach.de\/da\/wp-json\/wp\/v2\/media?parent=21339"}],"curies":[{"name":"wp","href":"https:\/\/api.w.org\/{rel}","templated":true}]}}